{"id":11489,"date":"2026-03-23T00:46:14","date_gmt":"2026-03-23T00:46:14","guid":{"rendered":"https:\/\/www.valenciaandgo.com\/?post_type=product&#038;p=11489"},"modified":"2026-09-01T13:03:00","modified_gmt":"2026-09-01T11:03:00","slug":"culla-parc-miner-maestrat","status":"publish","type":"product","link":"https:\/\/www.valenciaandgo.com\/it\/excursiones\/culla-parc-miner-maestrat\/","title":{"rendered":"Culla e Parc Miner del Maestrat: escursione di un'intera giornata da Valencia"},"content":{"rendered":"\t\t<div data-elementor-type=\"product-post\" data-elementor-id=\"11489\" class=\"elementor elementor-11489\" data-elementor-post-type=\"product\">\n\t\t\t\t<div class=\"elementor-element elementor-element-d99ba25 e-flex e-con-boxed e-con e-parent\" data-id=\"d99ba25\" data-element_type=\"container\" data-e-type=\"container\">\n\t\t\t\t\t<div class=\"e-con-inner\">\n\t\t<div class=\"elementor-element elementor-element-a39bab8 e-con-full elementor-hidden-desktop elementor-hidden-tablet e-flex e-con e-child\" data-id=\"a39bab8\" data-element_type=\"container\" data-e-type=\"container\">\n\t\t\t\t<div class=\"elementor-element elementor-element-def9316 elementor-widget elementor-widget-text-editor\" data-id=\"def9316\" data-element_type=\"widget\" data-e-type=\"widget\" data-widget_type=\"text-editor.default\">\n\t\t\t\t\t\t\t\t\t<p>Descubre el <strong>Parc Miner del Maestrat<\/strong> y el encanto medieval de <strong>Culla<\/strong> en una excursi\u00f3n familiar desde Valencia, lejos de las multitudes.<\/p>\t\t\t\t\t\t\t\t<\/div>\n\t\t\t\t<div class=\"elementor-element elementor-element-5ffcc18 elementor-widget elementor-widget-heading\" data-id=\"5ffcc18\" data-element_type=\"widget\" data-e-type=\"widget\" data-widget_type=\"heading.default\">\n\t\t\t\t\t<h3 class=\"elementor-heading-title elementor-size-default\">Highlights<\/h3>\t\t\t\t<\/div>\n\t\t\t\t<div class=\"elementor-element elementor-element-239d0f5 elementor-align-start elementor-icon-list--layout-traditional elementor-list-item-link-full_width elementor-widget elementor-widget-icon-list\" data-id=\"239d0f5\" data-element_type=\"widget\" data-e-type=\"widget\" data-widget_type=\"icon-list.default\">\n\t\t\t\t\t\t\t<ul class=\"elementor-icon-list-items\">\n\t\t\t\t\t\t\t<li class=\"elementor-icon-list-item\">\n\t\t\t\t\t\t\t\t\t\t\t<span class=\"elementor-icon-list-icon\">\n\t\t\t\t\t\t\t<svg aria-hidden=\"true\" class=\"e-font-icon-svg e-far-arrow-alt-circle-right\" viewBox=\"0 0 512 512\" xmlns=\"http:\/\/www.w3.org\/2000\/svg\"><path d=\"M504 256C504 119 393 8 256 8S8 119 8 256s111 248 248 248 248-111 248-248zm-448 0c0-110.5 89.5-200 200-200s200 89.5 200 200-89.5 200-200 200S56 366.5 56 256zm72 20v-40c0-6.6 5.4-12 12-12h116v-67c0-10.7 12.9-16 20.5-8.5l99 99c4.7 4.7 4.7 12.3 0 17l-99 99c-7.6 7.6-20.5 2.2-20.5-8.5v-67H140c-6.6 0-12-5.4-12-12z\"><\/path><\/svg>\t\t\t\t\t\t<\/span>\n\t\t\t\t\t\t\t\t\t\t<span class=\"elementor-icon-list-text\">Entra en una antigua mina real y descubre c\u00f3mo era la vida minera, explicado de forma amena y apta para ni\u00f1os.<\/span>\n\t\t\t\t\t\t\t\t\t<\/li>\n\t\t\t\t\t\t\t\t<li class=\"elementor-icon-list-item\">\n\t\t\t\t\t\t\t\t\t\t\t<span class=\"elementor-icon-list-icon\">\n\t\t\t\t\t\t\t<svg aria-hidden=\"true\" class=\"e-font-icon-svg e-far-arrow-alt-circle-right\" viewBox=\"0 0 512 512\" xmlns=\"http:\/\/www.w3.org\/2000\/svg\"><path d=\"M504 256C504 119 393 8 256 8S8 119 8 256s111 248 248 248 248-111 248-248zm-448 0c0-110.5 89.5-200 200-200s200 89.5 200 200-89.5 200-200 200S56 366.5 56 256zm72 20v-40c0-6.6 5.4-12 12-12h116v-67c0-10.7 12.9-16 20.5-8.5l99 99c4.7 4.7 4.7 12.3 0 17l-99 99c-7.6 7.6-20.5 2.2-20.5-8.5v-67H140c-6.6 0-12-5.4-12-12z\"><\/path><\/svg>\t\t\t\t\t\t<\/span>\n\t\t\t\t\t\t\t\t\t\t<span class=\"elementor-icon-list-text\">Pasea por Culla con un gu\u00eda local, visitando la antigua prisi\u00f3n, la iglesia y una escuela rural recreada<\/span>\n\t\t\t\t\t\t\t\t\t<\/li>\n\t\t\t\t\t\t\t\t<li class=\"elementor-icon-list-item\">\n\t\t\t\t\t\t\t\t\t\t\t<span class=\"elementor-icon-list-icon\">\n\t\t\t\t\t\t\t<svg aria-hidden=\"true\" class=\"e-font-icon-svg e-far-arrow-alt-circle-right\" viewBox=\"0 0 512 512\" xmlns=\"http:\/\/www.w3.org\/2000\/svg\"><path d=\"M504 256C504 119 393 8 256 8S8 119 8 256s111 248 248 248 248-111 248-248zm-448 0c0-110.5 89.5-200 200-200s200 89.5 200 200-89.5 200-200 200S56 366.5 56 256zm72 20v-40c0-6.6 5.4-12 12-12h116v-67c0-10.7 12.9-16 20.5-8.5l99 99c4.7 4.7 4.7 12.3 0 17l-99 99c-7.6 7.6-20.5 2.2-20.5-8.5v-67H140c-6.6 0-12-5.4-12-12z\"><\/path><\/svg>\t\t\t\t\t\t<\/span>\n\t\t\t\t\t\t\t\t\t\t<span class=\"elementor-icon-list-text\">Excursi\u00f3n tranquila y sin masificaciones, ideal para familias que buscan algo diferente desde Valencia.<\/span>\n\t\t\t\t\t\t\t\t\t<\/li>\n\t\t\t\t\t\t<\/ul>\n\t\t\t\t\t\t<\/div>\n\t\t\t\t<\/div>\n\t\t<div class=\"elementor-element elementor-element-47042bf e-con-full e-flex e-con e-child\" data-id=\"47042bf\" data-element_type=\"container\" data-e-type=\"container\">\n\t\t<div class=\"elementor-element elementor-element-7d59260 e-con-full e-flex e-con e-child\" data-id=\"7d59260\" data-element_type=\"container\" data-e-type=\"container\">\n\t\t<div class=\"elementor-element elementor-element-9d8dd11 e-con-full e-flex e-con e-child\" data-id=\"9d8dd11\" data-element_type=\"container\" data-e-type=\"container\">\n\t\t<div class=\"elementor-element elementor-element-761c16c e-con-full e-flex e-con e-child\" data-id=\"761c16c\" data-element_type=\"container\" data-e-type=\"container\">\n\t\t\t\t<div class=\"elementor-element elementor-element-f01a0db elementor-widget elementor-widget-text-editor\" data-id=\"f01a0db\" data-element_type=\"widget\" data-e-type=\"widget\" data-widget_type=\"text-editor.default\">\n\t\t\t\t\t\t\t\t\t<p>Desde<\/p>\t\t\t\t\t\t\t\t<\/div>\n\t\t\t\t<div class=\"elementor-element elementor-element-314f5e5 elementor-widget elementor-widget-woocommerce-product-price\" data-id=\"314f5e5\" data-element_type=\"widget\" data-e-type=\"widget\" data-widget_type=\"woocommerce-product-price.default\">\n\t\t\t\t\t<p class=\"price\"><span class=\"woocommerce-Price-amount amount\"><bdi>90,00<span class=\"woocommerce-Price-currencySymbol\" translate=\"no\">&euro;<\/span><\/bdi><\/span> <small class=\"woocommerce-price-suffix\">IVA inc.<\/small><\/p>\n\t\t\t\t<\/div>\n\t\t\t\t<\/div>\n\t\t\t\t<div class=\"elementor-element elementor-element-bb90790 elementor-widget elementor-widget-html\" data-id=\"bb90790\" data-element_type=\"widget\" data-e-type=\"widget\" data-widget_type=\"html.default\">\n\t\t\t\t\t<div id=\"tt-placeholder\"><\/div>\r\n<script>\r\n  var pageLang = (document.documentElement.lang || navigator.language || 'en').split('-')[0];\r\n  var d = document.getElementById('tt-placeholder');\r\n  d.className = 'load-turitop';\r\n  d.setAttribute('data-service', 'C17');\r\n  d.setAttribute('data-lang', pageLang);\r\n  d.setAttribute('data-embed', 'box');\r\n<\/script>\t\t\t\t<\/div>\n\t\t\t\t<\/div>\n\t\t<div class=\"elementor-element elementor-element-3b15899 e-con-full elementor-hidden-mobile e-flex e-con e-child\" data-id=\"3b15899\" data-element_type=\"container\" data-e-type=\"container\">\n\t\t\t\t<div class=\"elementor-element elementor-element-cd1bbd5 elementor-widget elementor-widget-image\" data-id=\"cd1bbd5\" data-element_type=\"widget\" data-e-type=\"widget\" data-widget_type=\"image.default\">\n\t\t\t\t\t\t\t\t\t\t\t\t\t\t\t<img decoding=\"async\" width=\"254\" height=\"60\" src=\"https:\/\/www.valenciaandgo.com\/wp-content\/uploads\/2026\/04\/logo-valenciaandgo-azul.png\" class=\"attachment-large size-large wp-image-12945\" alt=\"\" srcset=\"https:\/\/www.valenciaandgo.com\/wp-content\/uploads\/2026\/04\/logo-valenciaandgo-azul.png 254w, https:\/\/www.valenciaandgo.com\/wp-content\/uploads\/2026\/04\/logo-valenciaandgo-azul-18x4.png 18w\" sizes=\"(max-width: 254px) 100vw, 254px\" \/>\t\t\t\t\t\t\t\t\t\t\t\t\t\t\t<\/div>\n\t\t\t\t<div class=\"elementor-element elementor-element-77de70e elementor-widget elementor-widget-text-editor\" data-id=\"77de70e\" data-element_type=\"widget\" data-e-type=\"widget\" data-widget_type=\"text-editor.default\">\n\t\t\t\t\t\t\t\t\t<p>\u00bfNecesitas ayuda? <br \/>Cont\u00e1ctanos por whatsapp<\/p>\t\t\t\t\t\t\t\t<\/div>\n\t\t\t\t<div class=\"elementor-element elementor-element-032bb96 elementor-position-inline-start elementor-view-default elementor-mobile-position-block-start elementor-widget elementor-widget-icon-box\" data-id=\"032bb96\" data-element_type=\"widget\" data-e-type=\"widget\" data-widget_type=\"icon-box.default\">\n\t\t\t\t\t\t\t<div class=\"elementor-icon-box-wrapper\">\n\n\t\t\t\t\t\t<div class=\"elementor-icon-box-icon\">\n\t\t\t\t<a href=\"https:\/\/wa.me\/+34680488233\" class=\"elementor-icon\" tabindex=\"-1\" aria-label=\"+34 680 488 233\">\n\t\t\t\t<svg aria-hidden=\"true\" class=\"e-font-icon-svg e-fab-whatsapp\" viewBox=\"0 0 448 512\" xmlns=\"http:\/\/www.w3.org\/2000\/svg\"><path d=\"M380.9 97.1C339 55.1 283.2 32 223.9 32c-122.4 0-222 99.6-222 222 0 39.1 10.2 77.3 29.6 111L0 480l117.7-30.9c32.4 17.7 68.9 27 106.1 27h.1c122.3 0 224.1-99.6 224.1-222 0-59.3-25.2-115-67.1-157zm-157 341.6c-33.2 0-65.7-8.9-94-25.7l-6.7-4-69.8 18.3L72 359.2l-4.4-7c-18.5-29.4-28.2-63.3-28.2-98.2 0-101.7 82.8-184.5 184.6-184.5 49.3 0 95.6 19.2 130.4 54.1 34.8 34.9 56.2 81.2 56.1 130.5 0 101.8-84.9 184.6-186.6 184.6zm101.2-138.2c-5.5-2.8-32.8-16.2-37.9-18-5.1-1.9-8.8-2.8-12.5 2.8-3.7 5.6-14.3 18-17.6 21.8-3.2 3.7-6.5 4.2-12 1.4-32.6-16.3-54-29.1-75.5-66-5.7-9.8 5.7-9.1 16.3-30.3 1.8-3.7.9-6.9-.5-9.7-1.4-2.8-12.5-30.1-17.1-41.2-4.5-10.8-9.1-9.3-12.5-9.5-3.2-.2-6.9-.2-10.6-.2-3.7 0-9.7 1.4-14.8 6.9-5.1 5.6-19.4 19-19.4 46.3 0 27.3 19.9 53.7 22.6 57.4 2.8 3.7 39.1 59.7 94.8 83.8 35.2 15.2 49 16.5 66.6 13.9 10.7-1.6 32.8-13.4 37.4-26.4 4.6-13 4.6-24.1 3.2-26.4-1.3-2.5-5-3.9-10.5-6.6z\"><\/path><\/svg>\t\t\t\t<\/a>\n\t\t\t<\/div>\n\t\t\t\n\t\t\t\t\t\t<div class=\"elementor-icon-box-content\">\n\n\t\t\t\t\t\t\t\t\t<h4 class=\"elementor-icon-box-title\">\n\t\t\t\t\t\t<a href=\"https:\/\/wa.me\/+34680488233\" >\n\t\t\t\t\t\t\t+34 680 488 233\t\t\t\t\t\t<\/a>\n\t\t\t\t\t<\/h4>\n\t\t\t\t\n\t\t\t\t\n\t\t\t<\/div>\n\t\t\t\n\t\t<\/div>\n\t\t\t\t\t\t<\/div>\n\t\t\t\t<div class=\"elementor-element elementor-element-6d2f404 elementor-widget elementor-widget-text-editor\" data-id=\"6d2f404\" data-element_type=\"widget\" data-e-type=\"widget\" data-widget_type=\"text-editor.default\">\n\t\t\t\t\t\t\t\t\t<p>O env\u00edanos un correo<\/p>\t\t\t\t\t\t\t\t<\/div>\n\t\t\t\t<div class=\"elementor-element elementor-element-a270977 elementor-align-center elementor-widget elementor-widget-button\" data-id=\"a270977\" data-element_type=\"widget\" data-e-type=\"widget\" data-widget_type=\"button.default\">\n\t\t\t\t\t\t\t\t\t\t<a class=\"elementor-button elementor-button-link elementor-size-sm\" href=\"https:\/\/www.valenciaandgo.com\/contacto\/\">\n\t\t\t\t\t\t<span class=\"elementor-button-content-wrapper\">\n\t\t\t\t\t\t\t\t\t<span class=\"elementor-button-text\">SOLICITA INFORMACI\u00d3N<\/span>\n\t\t\t\t\t<\/span>\n\t\t\t\t\t<\/a>\n\t\t\t\t\t\t\t\t<\/div>\n\t\t\t\t<\/div>\n\t\t\t\t<\/div>\n\t\t<div class=\"elementor-element elementor-element-3a3a6b8d e-con-full e-flex e-con e-child\" data-id=\"3a3a6b8d\" data-element_type=\"container\" data-e-type=\"container\" data-settings=\"{&quot;background_background&quot;:&quot;classic&quot;}\">\n\t\t\t\t<div class=\"elementor-element elementor-element-332de859 elementor-hidden-mobile elementor-widget elementor-widget-text-editor\" data-id=\"332de859\" data-element_type=\"widget\" data-e-type=\"widget\" data-widget_type=\"text-editor.default\">\n\t\t\t\t\t\t\t\t\t<p>Descubre el <strong>Parc Miner del Maestrat<\/strong> y el encanto medieval de <strong>Culla<\/strong> en una excursi\u00f3n familiar desde Valencia, lejos de las multitudes.<\/p>\t\t\t\t\t\t\t\t<\/div>\n\t\t\t\t<div class=\"elementor-element elementor-element-2fb37e50 elementor-hidden-mobile elementor-widget elementor-widget-heading\" data-id=\"2fb37e50\" data-element_type=\"widget\" data-e-type=\"widget\" data-widget_type=\"heading.default\">\n\t\t\t\t\t<h3 class=\"elementor-heading-title elementor-size-default\">Highlights<\/h3>\t\t\t\t<\/div>\n\t\t\t\t<div class=\"elementor-element elementor-element-7c7f9f54 elementor-align-start elementor-hidden-mobile elementor-icon-list--layout-traditional elementor-list-item-link-full_width elementor-widget elementor-widget-icon-list\" data-id=\"7c7f9f54\" data-element_type=\"widget\" data-e-type=\"widget\" data-widget_type=\"icon-list.default\">\n\t\t\t\t\t\t\t<ul class=\"elementor-icon-list-items\">\n\t\t\t\t\t\t\t<li class=\"elementor-icon-list-item\">\n\t\t\t\t\t\t\t\t\t\t\t<span class=\"elementor-icon-list-icon\">\n\t\t\t\t\t\t\t<svg aria-hidden=\"true\" class=\"e-font-icon-svg e-far-arrow-alt-circle-right\" viewBox=\"0 0 512 512\" xmlns=\"http:\/\/www.w3.org\/2000\/svg\"><path d=\"M504 256C504 119 393 8 256 8S8 119 8 256s111 248 248 248 248-111 248-248zm-448 0c0-110.5 89.5-200 200-200s200 89.5 200 200-89.5 200-200 200S56 366.5 56 256zm72 20v-40c0-6.6 5.4-12 12-12h116v-67c0-10.7 12.9-16 20.5-8.5l99 99c4.7 4.7 4.7 12.3 0 17l-99 99c-7.6 7.6-20.5 2.2-20.5-8.5v-67H140c-6.6 0-12-5.4-12-12z\"><\/path><\/svg>\t\t\t\t\t\t<\/span>\n\t\t\t\t\t\t\t\t\t\t<span class=\"elementor-icon-list-text\">Entra en una antigua mina real y descubre c\u00f3mo era la vida minera, explicado de forma amena y apta para ni\u00f1os.<\/span>\n\t\t\t\t\t\t\t\t\t<\/li>\n\t\t\t\t\t\t\t\t<li class=\"elementor-icon-list-item\">\n\t\t\t\t\t\t\t\t\t\t\t<span class=\"elementor-icon-list-icon\">\n\t\t\t\t\t\t\t<svg aria-hidden=\"true\" class=\"e-font-icon-svg e-far-arrow-alt-circle-right\" viewBox=\"0 0 512 512\" xmlns=\"http:\/\/www.w3.org\/2000\/svg\"><path d=\"M504 256C504 119 393 8 256 8S8 119 8 256s111 248 248 248 248-111 248-248zm-448 0c0-110.5 89.5-200 200-200s200 89.5 200 200-89.5 200-200 200S56 366.5 56 256zm72 20v-40c0-6.6 5.4-12 12-12h116v-67c0-10.7 12.9-16 20.5-8.5l99 99c4.7 4.7 4.7 12.3 0 17l-99 99c-7.6 7.6-20.5 2.2-20.5-8.5v-67H140c-6.6 0-12-5.4-12-12z\"><\/path><\/svg>\t\t\t\t\t\t<\/span>\n\t\t\t\t\t\t\t\t\t\t<span class=\"elementor-icon-list-text\">Pasea por Culla con un gu\u00eda local, visitando la antigua prisi\u00f3n, la iglesia y una escuela rural recreada<\/span>\n\t\t\t\t\t\t\t\t\t<\/li>\n\t\t\t\t\t\t\t\t<li class=\"elementor-icon-list-item\">\n\t\t\t\t\t\t\t\t\t\t\t<span class=\"elementor-icon-list-icon\">\n\t\t\t\t\t\t\t<svg aria-hidden=\"true\" class=\"e-font-icon-svg e-far-arrow-alt-circle-right\" viewBox=\"0 0 512 512\" xmlns=\"http:\/\/www.w3.org\/2000\/svg\"><path d=\"M504 256C504 119 393 8 256 8S8 119 8 256s111 248 248 248 248-111 248-248zm-448 0c0-110.5 89.5-200 200-200s200 89.5 200 200-89.5 200-200 200S56 366.5 56 256zm72 20v-40c0-6.6 5.4-12 12-12h116v-67c0-10.7 12.9-16 20.5-8.5l99 99c4.7 4.7 4.7 12.3 0 17l-99 99c-7.6 7.6-20.5 2.2-20.5-8.5v-67H140c-6.6 0-12-5.4-12-12z\"><\/path><\/svg>\t\t\t\t\t\t<\/span>\n\t\t\t\t\t\t\t\t\t\t<span class=\"elementor-icon-list-text\">Excursi\u00f3n tranquila y sin masificaciones, ideal para familias que buscan algo diferente desde Valencia.<\/span>\n\t\t\t\t\t\t\t\t\t<\/li>\n\t\t\t\t\t\t<\/ul>\n\t\t\t\t\t\t<\/div>\n\t\t\t\t<div class=\"elementor-element elementor-element-1d1cc9a7 elementor-widget-divider--view-line elementor-widget elementor-widget-divider\" data-id=\"1d1cc9a7\" data-element_type=\"widget\" data-e-type=\"widget\" data-widget_type=\"divider.default\">\n\t\t\t\t\t\t\t<div class=\"elementor-divider\">\n\t\t\t<span class=\"elementor-divider-separator\">\n\t\t\t\t\t\t<\/span>\n\t\t<\/div>\n\t\t\t\t\t\t<\/div>\n\t\t\t\t<div class=\"elementor-element elementor-element-2202e393 elementor-widget elementor-widget-heading\" data-id=\"2202e393\" data-element_type=\"widget\" data-e-type=\"widget\" data-widget_type=\"heading.default\">\n\t\t\t\t\t<h3 class=\"elementor-heading-title elementor-size-default\">Descripci\u00f3n<\/h3>\t\t\t\t<\/div>\n\t\t\t\t<div class=\"elementor-element elementor-element-2a2163b1 elementor-widget elementor-widget-heading\" data-id=\"2a2163b1\" data-element_type=\"widget\" data-e-type=\"widget\" data-widget_type=\"heading.default\">\n\t\t\t\t\t<h4 class=\"elementor-heading-title elementor-size-default\">Una excursi\u00f3n diferente desde Valencia<\/h4>\t\t\t\t<\/div>\n\t\t\t\t<div class=\"elementor-element elementor-element-2cb3b2ad elementor-widget elementor-widget-text-editor\" data-id=\"2cb3b2ad\" data-element_type=\"widget\" data-e-type=\"widget\" data-widget_type=\"text-editor.default\">\n\t\t\t\t\t\t\t\t\t<p>Esta <strong>excursi\u00f3n de d\u00eda completo<\/strong> desde Valencia es perfecta para quienes quieren descubrir una <strong>zona aut\u00e9ntica del interior<\/strong>, lejos del turismo masificado y en un entorno ideal para familias.<\/p>\t\t\t\t\t\t\t\t<\/div>\n\t\t\t\t<div class=\"elementor-element elementor-element-6930549 elementor-widget elementor-widget-heading\" data-id=\"6930549\" data-element_type=\"widget\" data-e-type=\"widget\" data-widget_type=\"heading.default\">\n\t\t\t\t\t<h4 class=\"elementor-heading-title elementor-size-default\">Visita al Parc Miner del Maestrat<\/h4>\t\t\t\t<\/div>\n\t\t\t\t<div class=\"elementor-element elementor-element-24eaeee elementor-widget elementor-widget-text-editor\" data-id=\"24eaeee\" data-element_type=\"widget\" data-e-type=\"widget\" data-widget_type=\"text-editor.default\">\n\t\t\t\t\t\t\t\t\t<p>La jornada comienza con la visita al <strong>Parc Miner del Maestrat<\/strong>, donde conocer\u00e1s de forma guiada c\u00f3mo era la <strong>actividad minera<\/strong> en la zona. Se trata de una <strong>experiencia did\u00e1ctica y amena<\/strong>, pensada para que tanto adultos como ni\u00f1os puedan disfrutarla y aprender al mismo tiempo.<\/p>\t\t\t\t\t\t\t\t<\/div>\n\t\t\t\t<div class=\"elementor-element elementor-element-44c4856 elementor-widget elementor-widget-heading\" data-id=\"44c4856\" data-element_type=\"widget\" data-e-type=\"widget\" data-widget_type=\"heading.default\">\n\t\t\t\t\t<h4 class=\"elementor-heading-title elementor-size-default\">Recorrido por el pueblo medieval de Culla\n<\/h4>\t\t\t\t<\/div>\n\t\t\t\t<div class=\"elementor-element elementor-element-29c5b1c elementor-widget elementor-widget-text-editor\" data-id=\"29c5b1c\" data-element_type=\"widget\" data-e-type=\"widget\" data-widget_type=\"text-editor.default\">\n\t\t\t\t\t\t\t\t\t<p>Despu\u00e9s, nos desplazamos hasta <strong>Culla<\/strong>, un encantador <strong>pueblo medieval<\/strong> del interior de Castell\u00f3n. Acompa\u00f1ados por nuestro <strong>gu\u00eda,<\/strong> recorreremos sus calles y visitaremos algunos de sus espacios m\u00e1s representativos, como la <strong>antigua prisi\u00f3n<\/strong>, la <strong>iglesia parroquial<\/strong> y el <strong>antiguo Hospital<\/strong>, donde se conserva una recreaci\u00f3n de una <strong>escuela rural tradicional<\/strong>.<\/p>\t\t\t\t\t\t\t\t<\/div>\n\t\t\t\t<div class=\"elementor-element elementor-element-4f3c41c elementor-widget elementor-widget-heading\" data-id=\"4f3c41c\" data-element_type=\"widget\" data-e-type=\"widget\" data-widget_type=\"heading.default\">\n\t\t\t\t\t<h4 class=\"elementor-heading-title elementor-size-default\">Tiempo libre para comer\n<\/h4>\t\t\t\t<\/div>\n\t\t\t\t<div class=\"elementor-element elementor-element-abe65cc elementor-widget elementor-widget-text-editor\" data-id=\"abe65cc\" data-element_type=\"widget\" data-e-type=\"widget\" data-widget_type=\"text-editor.default\">\n\t\t\t\t\t\t\t\t\t<p>Al finalizar la visita guiada, tendr\u00e1s <strong>tiempo libre para comer<\/strong> en el pueblo. Puedes hacerlo por tu cuenta o, si lo prefieres, te ayudamos a gestionar la reserva en un bar local.<\/p>\t\t\t\t\t\t\t\t<\/div>\n\t\t\t\t<div class=\"elementor-element elementor-element-c90c548 elementor-widget elementor-widget-heading\" data-id=\"c90c548\" data-element_type=\"widget\" data-e-type=\"widget\" data-widget_type=\"heading.default\">\n\t\t\t\t\t<h4 class=\"elementor-heading-title elementor-size-default\">Una experiencia tranquila, cultural y familiar\n<\/h4>\t\t\t\t<\/div>\n\t\t\t\t<div class=\"elementor-element elementor-element-84ecbcf elementor-widget elementor-widget-text-editor\" data-id=\"84ecbcf\" data-element_type=\"widget\" data-e-type=\"widget\" data-widget_type=\"text-editor.default\">\n\t\t\t\t\t\t\t\t\t<p>Una <strong>excursi\u00f3n tranquila, cultural y muy completa<\/strong>, pensada para disfrutar sin prisas, conocer la historia de la zona y regresar a Valencia por la tarde con la sensaci\u00f3n de haber descubierto un lugar poco conocido.<\/p>\t\t\t\t\t\t\t\t<\/div>\n\t\t\t\t<div class=\"elementor-element elementor-element-7228f0f5 elementor-widget-divider--view-line elementor-widget elementor-widget-divider\" data-id=\"7228f0f5\" data-element_type=\"widget\" data-e-type=\"widget\" data-widget_type=\"divider.default\">\n\t\t\t\t\t\t\t<div class=\"elementor-divider\">\n\t\t\t<span class=\"elementor-divider-separator\">\n\t\t\t\t\t\t<\/span>\n\t\t<\/div>\n\t\t\t\t\t\t<\/div>\n\t\t\t\t<div class=\"elementor-element elementor-element-7a72fd17 elementor-widget elementor-widget-heading\" data-id=\"7a72fd17\" data-element_type=\"widget\" data-e-type=\"widget\" data-widget_type=\"heading.default\">\n\t\t\t\t\t<h3 class=\"elementor-heading-title elementor-size-default\">Preguntas Frecuentes<\/h3>\t\t\t\t<\/div>\n\t\t\t\t<div class=\"elementor-element elementor-element-b81cbc4 faq-desplegable elementor-widget elementor-widget-n-accordion\" data-id=\"b81cbc4\" data-element_type=\"widget\" data-e-type=\"widget\" data-settings=\"{&quot;default_state&quot;:&quot;all_collapsed&quot;,&quot;max_items_expended&quot;:&quot;one&quot;,&quot;n_accordion_animation_duration&quot;:{&quot;unit&quot;:&quot;ms&quot;,&quot;size&quot;:400,&quot;sizes&quot;:[]}}\" data-widget_type=\"nested-accordion.default\">\n\t\t\t\t\t\t\t<div class=\"e-n-accordion\" aria-label=\"Accordion. Open links with Enter or Space, close with Escape, and navigate with Arrow Keys\">\n\t\t\t\t\t\t<details id=\"e-n-accordion-item-1930\" class=\"e-n-accordion-item\" >\n\t\t\t\t<summary class=\"e-n-accordion-item-title\" data-accordion-index=\"1\" tabindex=\"0\" aria-expanded=\"false\" aria-controls=\"e-n-accordion-item-1930\" >\n\t\t\t\t\t<span class='e-n-accordion-item-title-header'><div class=\"e-n-accordion-item-title-text\"> \u00bfC\u00f3mo reconocer\u00e9 al gu\u00eda? <\/div><\/span>\n\t\t\t\t\t\t\t<span class='e-n-accordion-item-title-icon'>\n\t\t\t<span class='e-opened' ><svg aria-hidden=\"true\" class=\"e-font-icon-svg e-fas-minus\" viewBox=\"0 0 448 512\" xmlns=\"http:\/\/www.w3.org\/2000\/svg\"><path d=\"M416 208H32c-17.67 0-32 14.33-32 32v32c0 17.67 14.33 32 32 32h384c17.67 0 32-14.33 32-32v-32c0-17.67-14.33-32-32-32z\"><\/path><\/svg><\/span>\n\t\t\t<span class='e-closed'><svg aria-hidden=\"true\" class=\"e-font-icon-svg e-fas-plus\" viewBox=\"0 0 448 512\" xmlns=\"http:\/\/www.w3.org\/2000\/svg\"><path d=\"M416 208H272V64c0-17.67-14.33-32-32-32h-32c-17.67 0-32 14.33-32 32v144H32c-17.67 0-32 14.33-32 32v32c0 17.67 14.33 32 32 32h144v144c0 17.67 14.33 32 32 32h32c17.67 0 32-14.33 32-32V304h144c17.67 0 32-14.33 32-32v-32c0-17.67-14.33-32-32-32z\"><\/path><\/svg><\/span>\n\t\t<\/span>\n\n\t\t\t\t\t\t<\/summary>\n\t\t\t\t<div role=\"region\" aria-labelledby=\"e-n-accordion-item-1930\" class=\"elementor-element elementor-element-a976e21 e-con-full e-flex e-con e-child\" data-id=\"a976e21\" data-element_type=\"container\" data-e-type=\"container\">\n\t\t<div role=\"region\" aria-labelledby=\"e-n-accordion-item-1930\" class=\"elementor-element elementor-element-b1855d7 e-flex e-con-boxed e-con e-child\" data-id=\"b1855d7\" data-element_type=\"container\" data-e-type=\"container\">\n\t\t\t\t\t<div class=\"e-con-inner\">\n\t\t\t\t<div class=\"elementor-element elementor-element-119a009 elementor-widget elementor-widget-text-editor\" data-id=\"119a009\" data-element_type=\"widget\" data-e-type=\"widget\" data-widget_type=\"text-editor.default\">\n\t\t\t\t\t\t\t\t\t<p data-renderer-start-pos=\"836\">Podr\u00e1s encontrar al gu\u00eda en el punto de encuentro con la acreditaci\u00f3n de gu\u00eda oficial. Puedes preguntar por Valencia&amp;Go y, en el caso de no encontrarlo, puedes contactarnos directamente por whatsapp para darte indicaciones precisas.<\/p><ul class=\"ak-ul\" data-indent-level=\"1\"><li><p data-renderer-start-pos=\"1098\">NH Hotel: el bus para en la puerta del hotel<\/p><\/li><li><p data-renderer-start-pos=\"1146\">Torres de Serranos: espera en la escalera de subida a las Torres<\/p><\/li><li><p data-renderer-start-pos=\"1214\">Ciudad de la justicia: parada de bus roja enfrente del edificio<\/p><\/li><\/ul>\t\t\t\t\t\t\t\t<\/div>\n\t\t\t\t\t<\/div>\n\t\t\t\t<\/div>\n\t\t\t\t<\/div>\n\t\t\t\t\t<\/details>\n\t\t\t\t\t\t<details id=\"e-n-accordion-item-1931\" class=\"e-n-accordion-item\" >\n\t\t\t\t<summary class=\"e-n-accordion-item-title\" data-accordion-index=\"2\" tabindex=\"-1\" aria-expanded=\"false\" aria-controls=\"e-n-accordion-item-1931\" >\n\t\t\t\t\t<span class='e-n-accordion-item-title-header'><div class=\"e-n-accordion-item-title-text\"> \u00bfPuedo llevar equipaje\/coche de beb\u00e9 en el autob\u00fas? <\/div><\/span>\n\t\t\t\t\t\t\t<span class='e-n-accordion-item-title-icon'>\n\t\t\t<span class='e-opened' ><svg aria-hidden=\"true\" class=\"e-font-icon-svg e-fas-minus\" viewBox=\"0 0 448 512\" xmlns=\"http:\/\/www.w3.org\/2000\/svg\"><path d=\"M416 208H32c-17.67 0-32 14.33-32 32v32c0 17.67 14.33 32 32 32h384c17.67 0 32-14.33 32-32v-32c0-17.67-14.33-32-32-32z\"><\/path><\/svg><\/span>\n\t\t\t<span class='e-closed'><svg aria-hidden=\"true\" class=\"e-font-icon-svg e-fas-plus\" viewBox=\"0 0 448 512\" xmlns=\"http:\/\/www.w3.org\/2000\/svg\"><path d=\"M416 208H272V64c0-17.67-14.33-32-32-32h-32c-17.67 0-32 14.33-32 32v144H32c-17.67 0-32 14.33-32 32v32c0 17.67 14.33 32 32 32h144v144c0 17.67 14.33 32 32 32h32c17.67 0 32-14.33 32-32V304h144c17.67 0 32-14.33 32-32v-32c0-17.67-14.33-32-32-32z\"><\/path><\/svg><\/span>\n\t\t<\/span>\n\n\t\t\t\t\t\t<\/summary>\n\t\t\t\t<div role=\"region\" aria-labelledby=\"e-n-accordion-item-1931\" class=\"elementor-element elementor-element-9b5bec7 e-con-full e-flex e-con e-child\" data-id=\"9b5bec7\" data-element_type=\"container\" data-e-type=\"container\">\n\t\t\t\t<div class=\"elementor-element elementor-element-ba3498a elementor-widget elementor-widget-text-editor\" data-id=\"ba3498a\" data-element_type=\"widget\" data-e-type=\"widget\" data-widget_type=\"text-editor.default\">\n\t\t\t\t\t\t\t\t\t<p>S\u00ed, siempre que sea maleta de cabina o mochila peque\u00f1a\/coche plegable. Av\u00edsanos para asegurar espacio en el autob\u00fas.<\/p>\t\t\t\t\t\t\t\t<\/div>\n\t\t\t\t<\/div>\n\t\t\t\t\t<\/details>\n\t\t\t\t\t\t<details id=\"e-n-accordion-item-1932\" class=\"e-n-accordion-item\" >\n\t\t\t\t<summary class=\"e-n-accordion-item-title\" data-accordion-index=\"3\" tabindex=\"-1\" aria-expanded=\"false\" aria-controls=\"e-n-accordion-item-1932\" >\n\t\t\t\t\t<span class='e-n-accordion-item-title-header'><div class=\"e-n-accordion-item-title-text\"> Pol\u00edtica de cancelaci\u00f3n <\/div><\/span>\n\t\t\t\t\t\t\t<span class='e-n-accordion-item-title-icon'>\n\t\t\t<span class='e-opened' ><svg aria-hidden=\"true\" class=\"e-font-icon-svg e-fas-minus\" viewBox=\"0 0 448 512\" xmlns=\"http:\/\/www.w3.org\/2000\/svg\"><path d=\"M416 208H32c-17.67 0-32 14.33-32 32v32c0 17.67 14.33 32 32 32h384c17.67 0 32-14.33 32-32v-32c0-17.67-14.33-32-32-32z\"><\/path><\/svg><\/span>\n\t\t\t<span class='e-closed'><svg aria-hidden=\"true\" class=\"e-font-icon-svg e-fas-plus\" viewBox=\"0 0 448 512\" xmlns=\"http:\/\/www.w3.org\/2000\/svg\"><path d=\"M416 208H272V64c0-17.67-14.33-32-32-32h-32c-17.67 0-32 14.33-32 32v144H32c-17.67 0-32 14.33-32 32v32c0 17.67 14.33 32 32 32h144v144c0 17.67 14.33 32 32 32h32c17.67 0 32-14.33 32-32V304h144c17.67 0 32-14.33 32-32v-32c0-17.67-14.33-32-32-32z\"><\/path><\/svg><\/span>\n\t\t<\/span>\n\n\t\t\t\t\t\t<\/summary>\n\t\t\t\t<div role=\"region\" aria-labelledby=\"e-n-accordion-item-1932\" class=\"elementor-element elementor-element-65d2405 e-con-full e-flex e-con e-child\" data-id=\"65d2405\" data-element_type=\"container\" data-e-type=\"container\">\n\t\t\t\t<div class=\"elementor-element elementor-element-d5e8ada elementor-widget elementor-widget-text-editor\" data-id=\"d5e8ada\" data-element_type=\"widget\" data-e-type=\"widget\" data-widget_type=\"text-editor.default\">\n\t\t\t\t\t\t\t\t\t<p><span style=\"font-weight: 400;\">Puedes cancelar gratuitamente dentro del plazo indicado en la ficha del producto. Fuera de plazo o en caso de no presentaci\u00f3n, no se realizar\u00e1 reembolso.<\/span><\/p>\t\t\t\t\t\t\t\t<\/div>\n\t\t\t\t<\/div>\n\t\t\t\t\t<\/details>\n\t\t\t\t\t<\/div>\n\t\t\t\t\t\t<\/div>\n\t\t\t\t<\/div>\n\t\t\t\t<\/div>\n\t\t\t\t\t<\/div>\n\t\t\t\t<\/div>\n\t\t\t\t<\/div>\n\t\t","protected":false},"excerpt":{"rendered":"<p>Godetevi un'escursione di un'intera giornata da Valencia alla <strong>Parco minerario di Maestrat<\/strong> e il villaggio medievale di <strong>Culla<\/strong>. Un'esperienza tranquilla e culturale, perfetta per le famiglie che vogliono scoprire una zona autentica e meno turistica.<\/p>","protected":false},"featured_media":11482,"template":"","meta":{"_acf_changed":false,"_joinchat":[]},"product_brand":[],"product_cat":[19],"product_tag":[],"class_list":["post-11489","product","type-product","status-publish","has-post-thumbnail","product_cat-excursiones","first","instock","virtual","taxable","purchasable","product-type-simple"],"acf":[],"yoast_head":"<!-- This site is optimized with the Yoast SEO plugin v28.4 - https:\/\/yoast.com\/product\/yoast-seo-wordpress\/ -->\n<title>Culla y Parc Miner del Maestrat desde Valencia | Excursi\u00f3n<\/title>\n<meta name=\"description\" content=\"Descubre Culla y el Parc Miner del Maestrat en una excursi\u00f3n de d\u00eda completo desde Valencia. Una experiencia cultural, tranquila y ideal para familias.\" \/>\n<meta name=\"robots\" content=\"index, follow, max-snippet:-1, max-image-preview:large, max-video-preview:-1\" \/>\n<link rel=\"canonical\" href=\"https:\/\/www.valenciaandgo.com\/it\/escursioni\/culla-parc-miner-maestrat\/\" \/>\n<meta property=\"og:locale\" content=\"it_IT\" \/>\n<meta property=\"og:type\" content=\"article\" \/>\n<meta property=\"og:title\" content=\"Culla y Parc Miner del Maestrat desde Valencia | Excursi\u00f3n\" \/>\n<meta property=\"og:description\" content=\"Descubre Culla y el Parc Miner del Maestrat en una excursi\u00f3n de d\u00eda completo desde Valencia. Una experiencia cultural, tranquila y ideal para familias.\" \/>\n<meta property=\"og:url\" content=\"https:\/\/www.valenciaandgo.com\/it\/escursioni\/culla-parc-miner-maestrat\/\" \/>\n<meta property=\"og:site_name\" content=\"Valencia&amp;Go\" \/>\n<meta property=\"article:publisher\" content=\"https:\/\/www.facebook.com\/valenciaandgo\/\" \/>\n<meta property=\"article:modified_time\" content=\"2026-09-01T11:03:00+00:00\" \/>\n<meta property=\"og:image\" content=\"https:\/\/www.valenciaandgo.com\/wp-content\/uploads\/2026\/03\/excursion-culla-parc-miner-maestrat-6.webp\" \/>\n\t<meta property=\"og:image:width\" content=\"920\" \/>\n\t<meta property=\"og:image:height\" content=\"688\" \/>\n\t<meta property=\"og:image:type\" content=\"image\/webp\" \/>\n<meta name=\"twitter:card\" content=\"summary_large_image\" \/>\n<script type=\"application\/ld+json\" class=\"yoast-schema-graph\">{\"@context\":\"https:\\\/\\\/schema.org\",\"@graph\":[{\"@type\":\"WebPage\",\"@id\":\"https:\\\/\\\/www.valenciaandgo.com\\\/excursiones\\\/culla-parc-miner-maestrat\\\/\",\"url\":\"https:\\\/\\\/www.valenciaandgo.com\\\/excursiones\\\/culla-parc-miner-maestrat\\\/\",\"name\":\"Culla y Parc Miner del Maestrat desde Valencia | Excursi\u00f3n\",\"isPartOf\":{\"@id\":\"https:\\\/\\\/www.valenciaandgo.com\\\/en\\\/#website\"},\"primaryImageOfPage\":{\"@id\":\"https:\\\/\\\/www.valenciaandgo.com\\\/excursiones\\\/culla-parc-miner-maestrat\\\/#primaryimage\"},\"image\":{\"@id\":\"https:\\\/\\\/www.valenciaandgo.com\\\/excursiones\\\/culla-parc-miner-maestrat\\\/#primaryimage\"},\"thumbnailUrl\":\"https:\\\/\\\/www.valenciaandgo.com\\\/wp-content\\\/uploads\\\/2026\\\/03\\\/excursion-culla-parc-miner-maestrat-6.webp\",\"datePublished\":\"2026-03-23T00:46:14+00:00\",\"dateModified\":\"2026-09-01T11:03:00+00:00\",\"description\":\"Descubre Culla y el Parc Miner del Maestrat en una excursi\u00f3n de d\u00eda completo desde Valencia. Una experiencia cultural, tranquila y ideal para familias.\",\"breadcrumb\":{\"@id\":\"https:\\\/\\\/www.valenciaandgo.com\\\/excursiones\\\/culla-parc-miner-maestrat\\\/#breadcrumb\"},\"inLanguage\":\"it-IT\",\"potentialAction\":[{\"@type\":\"ReadAction\",\"target\":[\"https:\\\/\\\/www.valenciaandgo.com\\\/excursiones\\\/culla-parc-miner-maestrat\\\/\"]}]},{\"@type\":\"ImageObject\",\"inLanguage\":\"it-IT\",\"@id\":\"https:\\\/\\\/www.valenciaandgo.com\\\/excursiones\\\/culla-parc-miner-maestrat\\\/#primaryimage\",\"url\":\"https:\\\/\\\/www.valenciaandgo.com\\\/wp-content\\\/uploads\\\/2026\\\/03\\\/excursion-culla-parc-miner-maestrat-6.webp\",\"contentUrl\":\"https:\\\/\\\/www.valenciaandgo.com\\\/wp-content\\\/uploads\\\/2026\\\/03\\\/excursion-culla-parc-miner-maestrat-6.webp\",\"width\":920,\"height\":688,\"caption\":\"La excursi\u00f3n incluye una visita guiada por el interior de la mina, pensada para adultos y ni\u00f1os.\"},{\"@type\":\"BreadcrumbList\",\"@id\":\"https:\\\/\\\/www.valenciaandgo.com\\\/excursiones\\\/culla-parc-miner-maestrat\\\/#breadcrumb\",\"itemListElement\":[{\"@type\":\"ListItem\",\"position\":1,\"name\":\"Portada\",\"item\":\"https:\\\/\\\/www.valenciaandgo.com\\\/\"},{\"@type\":\"ListItem\",\"position\":2,\"name\":\"Tours\",\"item\":\"https:\\\/\\\/www.valenciaandgo.com\\\/en\\\/?page_id=8\"},{\"@type\":\"ListItem\",\"position\":3,\"name\":\"Culla y Parc Miner del Maestrat: excursi\u00f3n de d\u00eda completo desde Valencia\"}]},{\"@type\":\"WebSite\",\"@id\":\"https:\\\/\\\/www.valenciaandgo.com\\\/en\\\/#website\",\"url\":\"https:\\\/\\\/www.valenciaandgo.com\\\/en\\\/\",\"name\":\"Valencia&Go\",\"description\":\"Tours por Valencia y alrededores de ciudad.\",\"publisher\":{\"@id\":\"https:\\\/\\\/www.valenciaandgo.com\\\/en\\\/#organization\"},\"potentialAction\":[{\"@type\":\"SearchAction\",\"target\":{\"@type\":\"EntryPoint\",\"urlTemplate\":\"https:\\\/\\\/www.valenciaandgo.com\\\/en\\\/?s={search_term_string}\"},\"query-input\":{\"@type\":\"PropertyValueSpecification\",\"valueRequired\":true,\"valueName\":\"search_term_string\"}}],\"inLanguage\":\"it-IT\"},{\"@type\":\"Organization\",\"@id\":\"https:\\\/\\\/www.valenciaandgo.com\\\/en\\\/#organization\",\"name\":\"Valencia&Go\",\"url\":\"https:\\\/\\\/www.valenciaandgo.com\\\/en\\\/\",\"logo\":{\"@type\":\"ImageObject\",\"inLanguage\":\"it-IT\",\"@id\":\"https:\\\/\\\/www.valenciaandgo.com\\\/en\\\/#\\\/schema\\\/logo\\\/image\\\/\",\"url\":\"https:\\\/\\\/www.valenciaandgo.com\\\/wp-content\\\/uploads\\\/2026\\\/04\\\/logo-valenciaandgo-azul.png\",\"contentUrl\":\"https:\\\/\\\/www.valenciaandgo.com\\\/wp-content\\\/uploads\\\/2026\\\/04\\\/logo-valenciaandgo-azul.png\",\"width\":254,\"height\":60,\"caption\":\"Valencia&Go\"},\"image\":{\"@id\":\"https:\\\/\\\/www.valenciaandgo.com\\\/en\\\/#\\\/schema\\\/logo\\\/image\\\/\"},\"sameAs\":[\"https:\\\/\\\/www.facebook.com\\\/valenciaandgo\\\/\",\"https:\\\/\\\/www.instagram.com\\\/valenciaandgo\",\"https:\\\/\\\/www.linkedin.com\\\/company\\\/valencia-go\\\/\",\"https:\\\/\\\/www.tiktok.com\\\/@valenciaandgo\"]}]}<\/script>\n<!-- \/ Yoast SEO plugin. -->","yoast_head_json":{"title":"Culla e Parco Minerario del Maestrat da Valencia | Escursione","description":"Scoprite Culla e il Parc Miner del Maestrat con un'escursione di un'intera giornata da Valencia. Un'esperienza culturale, tranquilla e ideale per le famiglie.","robots":{"index":"index","follow":"follow","max-snippet":"max-snippet:-1","max-image-preview":"max-image-preview:large","max-video-preview":"max-video-preview:-1"},"canonical":"https:\/\/www.valenciaandgo.com\/it\/escursioni\/culla-parc-miner-maestrat\/","og_locale":"it_IT","og_type":"article","og_title":"Culla y Parc Miner del Maestrat desde Valencia | Excursi\u00f3n","og_description":"Descubre Culla y el Parc Miner del Maestrat en una excursi\u00f3n de d\u00eda completo desde Valencia. Una experiencia cultural, tranquila y ideal para familias.","og_url":"https:\/\/www.valenciaandgo.com\/it\/escursioni\/culla-parc-miner-maestrat\/","og_site_name":"Valencia&amp;Go","article_publisher":"https:\/\/www.facebook.com\/valenciaandgo\/","article_modified_time":"2026-09-01T11:03:00+00:00","og_image":[{"width":920,"height":688,"url":"https:\/\/www.valenciaandgo.com\/wp-content\/uploads\/2026\/03\/excursion-culla-parc-miner-maestrat-6.webp","type":"image\/webp"}],"twitter_card":"summary_large_image","schema":{"@context":"https:\/\/schema.org","@graph":[{"@type":"WebPage","@id":"https:\/\/www.valenciaandgo.com\/excursiones\/culla-parc-miner-maestrat\/","url":"https:\/\/www.valenciaandgo.com\/excursiones\/culla-parc-miner-maestrat\/","name":"Culla e Parco Minerario del Maestrat da Valencia | Escursione","isPartOf":{"@id":"https:\/\/www.valenciaandgo.com\/en\/#website"},"primaryImageOfPage":{"@id":"https:\/\/www.valenciaandgo.com\/excursiones\/culla-parc-miner-maestrat\/#primaryimage"},"image":{"@id":"https:\/\/www.valenciaandgo.com\/excursiones\/culla-parc-miner-maestrat\/#primaryimage"},"thumbnailUrl":"https:\/\/www.valenciaandgo.com\/wp-content\/uploads\/2026\/03\/excursion-culla-parc-miner-maestrat-6.webp","datePublished":"2026-03-23T00:46:14+00:00","dateModified":"2026-09-01T11:03:00+00:00","description":"Scoprite Culla e il Parc Miner del Maestrat con un'escursione di un'intera giornata da Valencia. Un'esperienza culturale, tranquilla e ideale per le famiglie.","breadcrumb":{"@id":"https:\/\/www.valenciaandgo.com\/excursiones\/culla-parc-miner-maestrat\/#breadcrumb"},"inLanguage":"it-IT","potentialAction":[{"@type":"ReadAction","target":["https:\/\/www.valenciaandgo.com\/excursiones\/culla-parc-miner-maestrat\/"]}]},{"@type":"ImageObject","inLanguage":"it-IT","@id":"https:\/\/www.valenciaandgo.com\/excursiones\/culla-parc-miner-maestrat\/#primaryimage","url":"https:\/\/www.valenciaandgo.com\/wp-content\/uploads\/2026\/03\/excursion-culla-parc-miner-maestrat-6.webp","contentUrl":"https:\/\/www.valenciaandgo.com\/wp-content\/uploads\/2026\/03\/excursion-culla-parc-miner-maestrat-6.webp","width":920,"height":688,"caption":"La excursi\u00f3n incluye una visita guiada por el interior de la mina, pensada para adultos y ni\u00f1os."},{"@type":"BreadcrumbList","@id":"https:\/\/www.valenciaandgo.com\/excursiones\/culla-parc-miner-maestrat\/#breadcrumb","itemListElement":[{"@type":"ListItem","position":1,"name":"Portada","item":"https:\/\/www.valenciaandgo.com\/"},{"@type":"ListItem","position":2,"name":"Tours","item":"https:\/\/www.valenciaandgo.com\/en\/?page_id=8"},{"@type":"ListItem","position":3,"name":"Culla y Parc Miner del Maestrat: excursi\u00f3n de d\u00eda completo desde Valencia"}]},{"@type":"WebSite","@id":"https:\/\/www.valenciaandgo.com\/en\/#website","url":"https:\/\/www.valenciaandgo.com\/en\/","name":"Valencia&amp;Go","description":"Tour di Valencia e dintorni.","publisher":{"@id":"https:\/\/www.valenciaandgo.com\/en\/#organization"},"potentialAction":[{"@type":"SearchAction","target":{"@type":"EntryPoint","urlTemplate":"https:\/\/www.valenciaandgo.com\/en\/?s={search_term_string}"},"query-input":{"@type":"PropertyValueSpecification","valueRequired":true,"valueName":"search_term_string"}}],"inLanguage":"it-IT"},{"@type":"Organization","@id":"https:\/\/www.valenciaandgo.com\/en\/#organization","name":"Valencia&amp;Go","url":"https:\/\/www.valenciaandgo.com\/en\/","logo":{"@type":"ImageObject","inLanguage":"it-IT","@id":"https:\/\/www.valenciaandgo.com\/en\/#\/schema\/logo\/image\/","url":"https:\/\/www.valenciaandgo.com\/wp-content\/uploads\/2026\/04\/logo-valenciaandgo-azul.png","contentUrl":"https:\/\/www.valenciaandgo.com\/wp-content\/uploads\/2026\/04\/logo-valenciaandgo-azul.png","width":254,"height":60,"caption":"Valencia&Go"},"image":{"@id":"https:\/\/www.valenciaandgo.com\/en\/#\/schema\/logo\/image\/"},"sameAs":["https:\/\/www.facebook.com\/valenciaandgo\/","https:\/\/www.instagram.com\/valenciaandgo","https:\/\/www.linkedin.com\/company\/valencia-go\/","https:\/\/www.tiktok.com\/@valenciaandgo"]}]}},"_links":{"self":[{"href":"https:\/\/www.valenciaandgo.com\/it\/wp-json\/wp\/v2\/product\/11489","targetHints":{"allow":["GET"]}}],"collection":[{"href":"https:\/\/www.valenciaandgo.com\/it\/wp-json\/wp\/v2\/product"}],"about":[{"href":"https:\/\/www.valenciaandgo.com\/it\/wp-json\/wp\/v2\/types\/product"}],"version-history":[{"count":2,"href":"https:\/\/www.valenciaandgo.com\/it\/wp-json\/wp\/v2\/product\/11489\/revisions"}],"predecessor-version":[{"id":17050,"href":"https:\/\/www.valenciaandgo.com\/it\/wp-json\/wp\/v2\/product\/11489\/revisions\/17050"}],"wp:featuredmedia":[{"embeddable":true,"href":"https:\/\/www.valenciaandgo.com\/it\/wp-json\/wp\/v2\/media\/11482"}],"wp:attachment":[{"href":"https:\/\/www.valenciaandgo.com\/it\/wp-json\/wp\/v2\/media?parent=11489"}],"wp:term":[{"taxonomy":"product_brand","embeddable":true,"href":"https:\/\/www.valenciaandgo.com\/it\/wp-json\/wp\/v2\/product_brand?post=11489"},{"taxonomy":"product_cat","embeddable":true,"href":"https:\/\/www.valenciaandgo.com\/it\/wp-json\/wp\/v2\/product_cat?post=11489"},{"taxonomy":"product_tag","embeddable":true,"href":"https:\/\/www.valenciaandgo.com\/it\/wp-json\/wp\/v2\/product_tag?post=11489"}],"curies":[{"name":"wp","href":"https:\/\/api.w.org\/{rel}","templated":true}]}}