{"id":4330,"date":"2026-01-13T09:26:34","date_gmt":"2026-01-13T09:26:34","guid":{"rendered":"https:\/\/new.valenciaandgo.com\/?post_type=product&#038;p=4330"},"modified":"2026-04-23T07:13:43","modified_gmt":"2026-04-23T07:13:43","slug":"tour-della-valencia-medievale","status":"publish","type":"product","link":"https:\/\/www.valenciaandgo.com\/it\/tours-valencia\/tour-de-valencia-medieval\/","title":{"rendered":"Tour della Valencia medievale"},"content":{"rendered":"<div data-elementor-type=\"wp-post\" data-elementor-id=\"4330\" class=\"elementor elementor-4330\" data-elementor-post-type=\"product\">\n\t\t\t\t<div class=\"elementor-element elementor-element-50a519ae e-flex e-con-boxed e-con e-parent\" data-id=\"50a519ae\" data-element_type=\"container\" data-e-type=\"container\" data-settings=\"{&quot;background_background&quot;:&quot;classic&quot;}\">\n\t\t\t\t\t<div class=\"e-con-inner\">\n\t\t\t\t<div class=\"elementor-element elementor-element-3324d459 elementor-widget elementor-widget-text-editor\" data-id=\"3324d459\" data-element_type=\"widget\" data-e-type=\"widget\" data-widget_type=\"text-editor.default\">\n\t\t\t\t\t\t\t\t\t<p>Scoprite la Valencia medievale con un <strong>tour<\/strong> guidati da esterni che <strong>unisce storia, leggende e siti emblematici<\/strong> come le Torri di Serranos, la Cattedrale e la Lonja.<\/p>\t\t\t\t\t\t\t\t<\/div>\n\t\t\t\t<div class=\"elementor-element elementor-element-2c071db4 elementor-widget elementor-widget-heading\" data-id=\"2c071db4\" data-element_type=\"widget\" data-e-type=\"widget\" data-widget_type=\"heading.default\">\n\t\t\t\t\t<h3 class=\"elementor-heading-title elementor-size-default\">Punti salienti<\/h3>\t\t\t\t<\/div>\n\t\t\t\t<div class=\"elementor-element elementor-element-2bad175 elementor-align-start elementor-icon-list--layout-traditional elementor-list-item-link-full_width elementor-widget elementor-widget-icon-list\" data-id=\"2bad175\" data-element_type=\"widget\" data-e-type=\"widget\" data-widget_type=\"icon-list.default\">\n\t\t\t\t\t\t\t<ul class=\"elementor-icon-list-items\">\n\t\t\t\t\t\t\t<li class=\"elementor-icon-list-item\">\n\t\t\t\t\t\t\t\t\t\t\t<span class=\"elementor-icon-list-icon\">\n\t\t\t\t\t\t\t<svg aria-hidden=\"true\" class=\"e-font-icon-svg e-far-arrow-alt-circle-right\" viewbox=\"0 0 512 512\" xmlns=\"http:\/\/www.w3.org\/2000\/svg\"><path d=\"M504 256C504 119 393 8 256 8S8 119 8 256s111 248 248 248 248-111 248-248zm-448 0c0-110.5 89.5-200 200-200s200 89.5 200 200-89.5 200-200 200S56 366.5 56 256zm72 20v-40c0-6.6 5.4-12 12-12h116v-67c0-10.7 12.9-16 20.5-8.5l99 99c4.7 4.7 4.7 12.3 0 17l-99 99c-7.6 7.6-20.5 2.2-20.5-8.5v-67H140c-6.6 0-12-5.4-12-12z\"><\/path><\/svg>\t\t\t\t\t\t<\/span>\n\t\t\t\t\t\t\t\t\t\t<span class=\"elementor-icon-list-text\">Il tour a piedi all'aperto per scoprire come \u00e8 nata e si \u00e8 sviluppata la Valencia medievale<\/span>\n\t\t\t\t\t\t\t\t\t<\/li>\n\t\t\t\t\t\t\t\t<li class=\"elementor-icon-list-item\">\n\t\t\t\t\t\t\t\t\t\t\t<span class=\"elementor-icon-list-icon\">\n\t\t\t\t\t\t\t<svg aria-hidden=\"true\" class=\"e-font-icon-svg e-far-arrow-alt-circle-right\" viewbox=\"0 0 512 512\" xmlns=\"http:\/\/www.w3.org\/2000\/svg\"><path d=\"M504 256C504 119 393 8 256 8S8 119 8 256s111 248 248 248 248-111 248-248zm-448 0c0-110.5 89.5-200 200-200s200 89.5 200 200-89.5 200-200 200S56 366.5 56 256zm72 20v-40c0-6.6 5.4-12 12-12h116v-67c0-10.7 12.9-16 20.5-8.5l99 99c4.7 4.7 4.7 12.3 0 17l-99 99c-7.6 7.6-20.5 2.2-20.5-8.5v-67H140c-6.6 0-12-5.4-12-12z\"><\/path><\/svg>\t\t\t\t\t\t<\/span>\n\t\t\t\t\t\t\t\t\t\t<span class=\"elementor-icon-list-text\">Questa visita ravvicinata e divertente vi mostrer\u00e0 una moltitudine di storie nascoste nella citt\u00e0.<\/span>\n\t\t\t\t\t\t\t\t\t<\/li>\n\t\t\t\t\t\t\t\t<li class=\"elementor-icon-list-item\">\n\t\t\t\t\t\t\t\t\t\t\t<span class=\"elementor-icon-list-icon\">\n\t\t\t\t\t\t\t<svg aria-hidden=\"true\" class=\"e-font-icon-svg e-far-arrow-alt-circle-right\" viewbox=\"0 0 512 512\" xmlns=\"http:\/\/www.w3.org\/2000\/svg\"><path d=\"M504 256C504 119 393 8 256 8S8 119 8 256s111 248 248 248 248-111 248-248zm-448 0c0-110.5 89.5-200 200-200s200 89.5 200 200-89.5 200-200 200S56 366.5 56 256zm72 20v-40c0-6.6 5.4-12 12-12h116v-67c0-10.7 12.9-16 20.5-8.5l99 99c4.7 4.7 4.7 12.3 0 17l-99 99c-7.6 7.6-20.5 2.2-20.5-8.5v-67H140c-6.6 0-12-5.4-12-12z\"><\/path><\/svg>\t\t\t\t\t\t<\/span>\n\t\t\t\t\t\t\t\t\t\t<span class=\"elementor-icon-list-text\">Insieme a una guida locale conoscerete l'essenza di Valencia attraverso tutto ci\u00f2 che ha vissuto.<\/span>\n\t\t\t\t\t\t\t\t\t<\/li>\n\t\t\t\t\t\t<\/ul>\n\t\t\t\t\t\t<\/div>\n\t\t\t\t<div class=\"elementor-element elementor-element-69890570 elementor-widget-divider--view-line elementor-widget elementor-widget-divider\" data-id=\"69890570\" data-element_type=\"widget\" data-e-type=\"widget\" data-widget_type=\"divider.default\">\n\t\t\t\t\t\t\t<div class=\"elementor-divider\">\n\t\t\t<span class=\"elementor-divider-separator\">\n\t\t\t\t\t\t<\/span>\n\t\t<\/div>\n\t\t\t\t\t\t<\/div>\n\t\t\t\t<div class=\"elementor-element elementor-element-66b2dd22 elementor-widget elementor-widget-heading\" data-id=\"66b2dd22\" data-element_type=\"widget\" data-e-type=\"widget\" data-widget_type=\"heading.default\">\n\t\t\t\t\t<h3 class=\"elementor-heading-title elementor-size-default\">Descrizione<\/h3>\t\t\t\t<\/div>\n\t\t\t\t<div class=\"elementor-element elementor-element-53eed259 elementor-widget elementor-widget-heading\" data-id=\"53eed259\" data-element_type=\"widget\" data-e-type=\"widget\" data-widget_type=\"heading.default\">\n\t\t\t\t\t<h4 class=\"elementor-heading-title elementor-size-default\">L'eredit\u00e0 del Regno di Valencia<\/h4>\t\t\t\t<\/div>\n\t\t\t\t<div class=\"elementor-element elementor-element-24fe9608 elementor-widget elementor-widget-text-editor\" data-id=\"24fe9608\" data-element_type=\"widget\" data-e-type=\"widget\" data-widget_type=\"text-editor.default\">\n\t\t\t\t\t\t\t\t\t<p>Tour medievale a Valencia: viaggio indietro nel tempo e <strong>scoprire come \u00e8 nata e cresciuta la Valencia medievale<\/strong> in questa visita guidata di un'ora e mezza ai suoi esterni pi\u00f9 emblematici.<\/p><p>Nel corso della passeggiata, la nostra guida vi sveler\u00e0 com'era la vita nel <strong>ex Regno di Valencia<\/strong>, Che ruolo hanno avuto le sue mura, quali segreti nascondono? <strong>strade gotiche<\/strong> e come sia diventata una delle citt\u00e0 pi\u00f9 prospere del Mediterraneo.<\/p><p><strong>Non si tratta di un tour accademico o tecnico:<\/strong> \u00e8 un'esperienza coinvolgente e divertente, ricca di storie vere, leggende sorprendenti e dettagli che normalmente passano inosservati.<\/p><p>Vedrete luoghi come il <strong>Le Torri di Serranos, la Cattedrale, la Lonja de la Seda (Borsa della Seta) o gli antichi quartieri medievali.<\/strong>, comprendere la sua importanza senza dover entrare in edifici o fare code.<\/p><p>Si tratta di una visita perfetta per chi desidera una <strong>piano culturale leggero e accessibile<\/strong>, ideale per famiglie, coppie e gruppi di amici. \u00c8 anche <strong>amico dei cani<\/strong> e si svolge all'aperto, il che la rende un'opzione confortevole tutto l'anno.<\/p><p>Un'esperienza essenziale per <strong>scoprite l'essenza storica di Valencia<\/strong>... e vederlo con occhi diversi.<\/p>\t\t\t\t\t\t\t\t<\/div>\n\t\t\t\t<div class=\"elementor-element elementor-element-3233b7cc elementor-widget-divider--view-line elementor-widget elementor-widget-divider\" data-id=\"3233b7cc\" data-element_type=\"widget\" data-e-type=\"widget\" data-widget_type=\"divider.default\">\n\t\t\t\t\t\t\t<div class=\"elementor-divider\">\n\t\t\t<span class=\"elementor-divider-separator\">\n\t\t\t\t\t\t<\/span>\n\t\t<\/div>\n\t\t\t\t\t\t<\/div>\n\t\t\t\t<div class=\"elementor-element elementor-element-2b96ffd4 elementor-widget elementor-widget-heading\" data-id=\"2b96ffd4\" data-element_type=\"widget\" data-e-type=\"widget\" data-widget_type=\"heading.default\">\n\t\t\t\t\t<h3 class=\"elementor-heading-title elementor-size-default\">Informazioni importanti<\/h3>\t\t\t\t<\/div>\n\t\t\t\t<div class=\"elementor-element elementor-element-5db82776 elementor-widget elementor-widget-text-editor\" data-id=\"5db82776\" data-element_type=\"widget\" data-e-type=\"widget\" data-widget_type=\"text-editor.default\">\n\t\t\t\t\t\t\t\t\t<p><strong>Itinerario:<\/strong><\/p><ul><li>Esplora il <strong>storia medievale di Valencia<\/strong> Il nostro tour guidato: Tour Medievale a Valencia, che inizia dall'emblematica <strong>Le Torri di Serranos risalgono al XIV secolo.<\/strong><\/li><li>Vai al sito <strong>bellissima Plaza de la Virgen<\/strong> e immergetevi nella sua unicit\u00e0 medievale.<\/li><li>Scoprite i contrasti della citt\u00e0 vecchia, dalla conquista della <strong>Giacomo I nel XIII secolo<\/strong> all'iconico <strong>Cattedrale di Valencia<\/strong> e il <strong>Miguelete<\/strong>.<\/li><li>Guardate l'imponente<strong> Scambio di seta<\/strong>, Il passato commerciale della citt\u00e0 viene svelato.<\/li><\/ul><p>Un viaggio che rivela <strong>leggende dimenticate<\/strong> e vi far\u00e0 vedere la citt\u00e0 con occhi nuovi.<\/p>\t\t\t\t\t\t\t\t<\/div>\n\t\t\t\t<div class=\"elementor-element elementor-element-7e086f20 elementor-widget-divider--view-line elementor-widget elementor-widget-divider\" data-id=\"7e086f20\" data-element_type=\"widget\" data-e-type=\"widget\" data-widget_type=\"divider.default\">\n\t\t\t\t\t\t\t<div class=\"elementor-divider\">\n\t\t\t<span class=\"elementor-divider-separator\">\n\t\t\t\t\t\t<\/span>\n\t\t<\/div>\n\t\t\t\t\t\t<\/div>\n\t\t\t\t<div class=\"elementor-element elementor-element-57839307 elementor-widget elementor-widget-heading\" data-id=\"57839307\" data-element_type=\"widget\" data-e-type=\"widget\" data-widget_type=\"heading.default\">\n\t\t\t\t\t<h3 class=\"elementor-heading-title elementor-size-default\">Punto di incontro<\/h3>\t\t\t\t<\/div>\n\t\t\t\t<div class=\"elementor-element elementor-element-bf6d1a0 elementor-widget elementor-widget-text-editor\" data-id=\"bf6d1a0\" data-element_type=\"widget\" data-e-type=\"widget\" data-widget_type=\"text-editor.default\">\n\t\t\t\t\t\t\t\t\t<p>Torri di Serranos<\/p>\t\t\t\t\t\t\t\t<\/div>\n\t\t\t\t<div class=\"elementor-element elementor-element-f4572b4 elementor-widget-divider--view-line elementor-widget elementor-widget-divider\" data-id=\"f4572b4\" data-element_type=\"widget\" data-e-type=\"widget\" data-widget_type=\"divider.default\">\n\t\t\t\t\t\t\t<div class=\"elementor-divider\">\n\t\t\t<span class=\"elementor-divider-separator\">\n\t\t\t\t\t\t<\/span>\n\t\t<\/div>\n\t\t\t\t\t\t<\/div>\n\t\t\t\t<div class=\"elementor-element elementor-element-7caf573f elementor-widget elementor-widget-heading\" data-id=\"7caf573f\" data-element_type=\"widget\" data-e-type=\"widget\" data-widget_type=\"heading.default\">\n\t\t\t\t\t<h3 class=\"elementor-heading-title elementor-size-default\">Domande frequenti<\/h3>\t\t\t\t<\/div>\n\t\t\t\t\t<\/div>\n\t\t\t\t<\/div>\n\t\t<div class=\"elementor-element elementor-element-876eea9 e-flex e-con-boxed e-con e-parent\" data-id=\"876eea9\" data-element_type=\"container\" data-e-type=\"container\" data-settings=\"{&quot;background_background&quot;:&quot;classic&quot;}\">\n\t\t\t\t\t<div class=\"e-con-inner\">\n\t\t\t\t<div class=\"elementor-element elementor-element-2fba6b6 elementor-widget elementor-widget-n-accordion\" data-id=\"2fba6b6\" data-element_type=\"widget\" data-e-type=\"widget\" data-settings=\"{&quot;default_state&quot;:&quot;all_collapsed&quot;,&quot;max_items_expended&quot;:&quot;one&quot;,&quot;n_accordion_animation_duration&quot;:{&quot;unit&quot;:&quot;ms&quot;,&quot;size&quot;:400,&quot;sizes&quot;:[]}}\" data-widget_type=\"nested-accordion.default\">\n\t\t\t\t\t\t\t<div class=\"e-n-accordion\" aria-label=\"Fisarmonica. Aprite i collegamenti con Invio o Spazio, chiudeteli con Escape e navigate con i tasti freccia.\">\n\t\t\t\t\t\t<details id=\"e-n-accordion-item-5000\" class=\"e-n-accordion-item\" >\n\t\t\t\t<summary class=\"e-n-accordion-item-title\" data-accordion-index=\"1\" tabindex=\"0\" aria-expanded=\"false\" aria-controls=\"e-n-accordion-item-5000\" >\n\t\t\t\t\t<span class='e-n-accordion-item-title-header'><div class=\"e-n-accordion-item-title-text\"> Come si riconosce la guida? <\/div><\/span>\n\t\t\t\t\t\t\t<span class='e-n-accordion-item-title-icon'>\n\t\t\t<span class='e-opened' ><svg aria-hidden=\"true\" class=\"e-font-icon-svg e-fas-minus\" viewbox=\"0 0 448 512\" xmlns=\"http:\/\/www.w3.org\/2000\/svg\"><path d=\"M416 208H32c-17.67 0-32 14.33-32 32v32c0 17.67 14.33 32 32 32h384c17.67 0 32-14.33 32-32v-32c0-17.67-14.33-32-32-32z\"><\/path><\/svg><\/span>\n\t\t\t<span class='e-closed'><svg aria-hidden=\"true\" class=\"e-font-icon-svg e-fas-plus\" viewbox=\"0 0 448 512\" xmlns=\"http:\/\/www.w3.org\/2000\/svg\"><path d=\"M416 208H272V64c0-17.67-14.33-32-32-32h-32c-17.67 0-32 14.33-32 32v144H32c-17.67 0-32 14.33-32 32v32c0 17.67 14.33 32 32 32h144v144c0 17.67 14.33 32 32 32h32c17.67 0 32-14.33 32-32V304h144c17.67 0 32-14.33 32-32v-32c0-17.67-14.33-32-32-32z\"><\/path><\/svg><\/span>\n\t\t<\/span>\n\n\t\t\t\t\t\t<\/summary>\n\t\t\t\t<div role=\"region\" aria-labelledby=\"e-n-accordion-item-5000\" class=\"elementor-element elementor-element-ab6e7a2 e-con-full e-flex e-con e-child\" data-id=\"ab6e7a2\" data-element_type=\"container\" data-e-type=\"container\">\n\t\t<div role=\"region\" aria-labelledby=\"e-n-accordion-item-5000\" class=\"elementor-element elementor-element-0adca18 e-flex e-con-boxed e-con e-child\" data-id=\"0adca18\" data-element_type=\"container\" data-e-type=\"container\">\n\t\t\t\t\t<div class=\"e-con-inner\">\n\t\t\t\t<div class=\"elementor-element elementor-element-906fc1e elementor-widget elementor-widget-text-editor\" data-id=\"906fc1e\" data-element_type=\"widget\" data-e-type=\"widget\" data-widget_type=\"text-editor.default\">\n\t\t\t\t\t\t\t\t\t<p>Potete trovare la guida alla porta principale delle torri che si affacciano sulla piazza con l'accredito di guida ufficiale. Potete chiedere di Valencia&amp;Go e, nel caso non riusciate a trovarlo, potete contattarci direttamente via whatsapp per darvi indicazioni precise.<\/p>\t\t\t\t\t\t\t\t<\/div>\n\t\t\t\t\t<\/div>\n\t\t\t\t<\/div>\n\t\t\t\t<\/div>\n\t\t\t\t\t<\/details>\n\t\t\t\t\t\t<details id=\"e-n-accordion-item-5001\" class=\"e-n-accordion-item\" >\n\t\t\t\t<summary class=\"e-n-accordion-item-title\" data-accordion-index=\"2\" tabindex=\"-1\" aria-expanded=\"false\" aria-controls=\"e-n-accordion-item-5001\" >\n\t\t\t\t\t<span class='e-n-accordion-item-title-header'><div class=\"e-n-accordion-item-title-text\"> Cosa ho prenotato? <\/div><\/span>\n\t\t\t\t\t\t\t<span class='e-n-accordion-item-title-icon'>\n\t\t\t<span class='e-opened' ><svg aria-hidden=\"true\" class=\"e-font-icon-svg e-fas-minus\" viewbox=\"0 0 448 512\" xmlns=\"http:\/\/www.w3.org\/2000\/svg\"><path d=\"M416 208H32c-17.67 0-32 14.33-32 32v32c0 17.67 14.33 32 32 32h384c17.67 0 32-14.33 32-32v-32c0-17.67-14.33-32-32-32z\"><\/path><\/svg><\/span>\n\t\t\t<span class='e-closed'><svg aria-hidden=\"true\" class=\"e-font-icon-svg e-fas-plus\" viewbox=\"0 0 448 512\" xmlns=\"http:\/\/www.w3.org\/2000\/svg\"><path d=\"M416 208H272V64c0-17.67-14.33-32-32-32h-32c-17.67 0-32 14.33-32 32v144H32c-17.67 0-32 14.33-32 32v32c0 17.67 14.33 32 32 32h144v144c0 17.67 14.33 32 32 32h32c17.67 0 32-14.33 32-32V304h144c17.67 0 32-14.33 32-32v-32c0-17.67-14.33-32-32-32z\"><\/path><\/svg><\/span>\n\t\t<\/span>\n\n\t\t\t\t\t\t<\/summary>\n\t\t\t\t<div role=\"region\" aria-labelledby=\"e-n-accordion-item-5001\" class=\"elementor-element elementor-element-612f3e5 e-con-full e-flex e-con e-child\" data-id=\"612f3e5\" data-element_type=\"container\" data-e-type=\"container\">\n\t\t\t\t<div class=\"elementor-element elementor-element-b58fd2a elementor-widget elementor-widget-text-editor\" data-id=\"b58fd2a\" data-element_type=\"widget\" data-e-type=\"widget\" data-widget_type=\"text-editor.default\">\n\t\t\t\t\t\t\t\t\t<p><span style=\"font-weight: 400;\">Avete prenotato una visita guidata a piedi della Valencia medievale con una guida locale ufficiale. Il tour \u00e8 interamente all'aperto e non include i biglietti d'ingresso ai monumenti.<\/span><\/p>\t\t\t\t\t\t\t\t<\/div>\n\t\t\t\t<\/div>\n\t\t\t\t\t<\/details>\n\t\t\t\t\t\t<details id=\"e-n-accordion-item-5002\" class=\"e-n-accordion-item\" >\n\t\t\t\t<summary class=\"e-n-accordion-item-title\" data-accordion-index=\"3\" tabindex=\"-1\" aria-expanded=\"false\" aria-controls=\"e-n-accordion-item-5002\" >\n\t\t\t\t\t<span class='e-n-accordion-item-title-header'><div class=\"e-n-accordion-item-title-text\"> Politica di cancellazione <\/div><\/span>\n\t\t\t\t\t\t\t<span class='e-n-accordion-item-title-icon'>\n\t\t\t<span class='e-opened' ><svg aria-hidden=\"true\" class=\"e-font-icon-svg e-fas-minus\" viewbox=\"0 0 448 512\" xmlns=\"http:\/\/www.w3.org\/2000\/svg\"><path d=\"M416 208H32c-17.67 0-32 14.33-32 32v32c0 17.67 14.33 32 32 32h384c17.67 0 32-14.33 32-32v-32c0-17.67-14.33-32-32-32z\"><\/path><\/svg><\/span>\n\t\t\t<span class='e-closed'><svg aria-hidden=\"true\" class=\"e-font-icon-svg e-fas-plus\" viewbox=\"0 0 448 512\" xmlns=\"http:\/\/www.w3.org\/2000\/svg\"><path d=\"M416 208H272V64c0-17.67-14.33-32-32-32h-32c-17.67 0-32 14.33-32 32v144H32c-17.67 0-32 14.33-32 32v32c0 17.67 14.33 32 32 32h144v144c0 17.67 14.33 32 32 32h32c17.67 0 32-14.33 32-32V304h144c17.67 0 32-14.33 32-32v-32c0-17.67-14.33-32-32-32z\"><\/path><\/svg><\/span>\n\t\t<\/span>\n\n\t\t\t\t\t\t<\/summary>\n\t\t\t\t<div role=\"region\" aria-labelledby=\"e-n-accordion-item-5002\" class=\"elementor-element elementor-element-44e6dc1 e-con-full e-flex e-con e-child\" data-id=\"44e6dc1\" data-element_type=\"container\" data-e-type=\"container\">\n\t\t\t\t<div class=\"elementor-element elementor-element-d0cb307 elementor-widget elementor-widget-text-editor\" data-id=\"d0cb307\" data-element_type=\"widget\" data-e-type=\"widget\" data-widget_type=\"text-editor.default\">\n\t\t\t\t\t\t\t\t\t<p><span style=\"font-weight: 400;\">\u00c8 possibile annullare gratuitamente entro il termine indicato nella scheda prodotto. Dopo la scadenza o in caso di mancata presentazione, non verr\u00e0 effettuato alcun rimborso.<\/span><\/p>\t\t\t\t\t\t\t\t<\/div>\n\t\t\t\t<\/div>\n\t\t\t\t\t<\/details>\n\t\t\t\t\t<\/div>\n\t\t\t\t\t\t<\/div>\n\t\t\t\t\t<\/div>\n\t\t\t\t<\/div>\n\t\t\t\t<\/div>","protected":false},"excerpt":{"rendered":"<p>Scoprite la Valencia medievale con una visita guidata all'aperto che unisce storia, leggende e luoghi emblematici come le Torri dei Serranos, la Cattedrale e la Lonja.<\/p>","protected":false},"featured_media":5655,"template":"","meta":{"_acf_changed":false},"product_cat":[15],"product_tag":[],"class_list":{"0":"post-4330","1":"product","2":"type-product","3":"status-publish","4":"has-post-thumbnail","6":"product_cat-tours-valencia","8":"first","9":"instock","10":"virtual","11":"sold-individually","12":"taxable","13":"purchasable","14":"product-type-turitop"},"acf":[],"yoast_head":"<!-- This site is optimized with the Yoast SEO plugin v27.5 - https:\/\/yoast.com\/product\/yoast-seo-wordpress\/ -->\n<title>Tour Medieval en Valencia: historia y monumentos | Valencia &amp; Go<\/title>\n<meta name=\"description\" content=\"Tour medieval en Valencia: Descubre el legado del hist\u00f3rico Reino de Valencia, uno de los reinos m\u00e1s influyentes de la pen\u00ednsula.\" \/>\n<meta name=\"robots\" content=\"index, follow, max-snippet:-1, max-image-preview:large, max-video-preview:-1\" \/>\n<link rel=\"canonical\" href=\"https:\/\/www.valenciaandgo.com\/it\/tour-di-valencia\/tour-della-valencia-medievale\/\" \/>\n<meta property=\"og:locale\" content=\"it_IT\" \/>\n<meta property=\"og:type\" content=\"article\" \/>\n<meta property=\"og:title\" content=\"Tour Medieval en Valencia: historia y monumentos | Valencia &amp; Go\" \/>\n<meta property=\"og:description\" content=\"Tour medieval en Valencia: Descubre el legado del hist\u00f3rico Reino de Valencia, uno de los reinos m\u00e1s influyentes de la pen\u00ednsula.\" \/>\n<meta property=\"og:url\" content=\"https:\/\/www.valenciaandgo.com\/it\/tour-di-valencia\/tour-della-valencia-medievale\/\" \/>\n<meta property=\"og:site_name\" content=\"Valencia&amp;Go\" \/>\n<meta property=\"article:publisher\" content=\"https:\/\/www.facebook.com\/valenciaandgo\/\" \/>\n<meta property=\"article:modified_time\" content=\"2026-04-23T07:13:43+00:00\" \/>\n<meta property=\"og:image\" content=\"https:\/\/www.valenciaandgo.com\/wp-content\/uploads\/tours-excursiones\/16-tour-medieval\/tour-medieval_7.webp\" \/>\n\t<meta property=\"og:image:width\" content=\"920\" \/>\n\t<meta property=\"og:image:height\" content=\"688\" \/>\n\t<meta property=\"og:image:type\" content=\"image\/webp\" \/>\n<meta name=\"twitter:card\" content=\"summary_large_image\" \/>\n<meta name=\"twitter:label1\" content=\"Tempo di lettura stimato\" \/>\n\t<meta name=\"twitter:data1\" content=\"3 minuti\" \/>\n<script type=\"application\/ld+json\" class=\"yoast-schema-graph\">{\"@context\":\"https:\\\/\\\/schema.org\",\"@graph\":[{\"@type\":\"WebPage\",\"@id\":\"https:\\\/\\\/www.valenciaandgo.com\\\/tours-valencia\\\/tour-de-valencia-medieval\\\/\",\"url\":\"https:\\\/\\\/www.valenciaandgo.com\\\/tours-valencia\\\/tour-de-valencia-medieval\\\/\",\"name\":\"Tour Medieval en Valencia: historia y monumentos | Valencia & Go\",\"isPartOf\":{\"@id\":\"https:\\\/\\\/www.valenciaandgo.com\\\/it\\\/#website\"},\"primaryImageOfPage\":{\"@id\":\"https:\\\/\\\/www.valenciaandgo.com\\\/tours-valencia\\\/tour-de-valencia-medieval\\\/#primaryimage\"},\"image\":{\"@id\":\"https:\\\/\\\/www.valenciaandgo.com\\\/tours-valencia\\\/tour-de-valencia-medieval\\\/#primaryimage\"},\"thumbnailUrl\":\"https:\\\/\\\/www.valenciaandgo.com\\\/wp-content\\\/uploads\\\/tours-excursiones\\\/16-tour-medieval\\\/tour-medieval_7.webp\",\"datePublished\":\"2026-01-13T09:26:34+00:00\",\"dateModified\":\"2026-04-23T07:13:43+00:00\",\"description\":\"Tour medieval en Valencia: Descubre el legado del hist\u00f3rico Reino de Valencia, uno de los reinos m\u00e1s influyentes de la pen\u00ednsula.\",\"breadcrumb\":{\"@id\":\"https:\\\/\\\/www.valenciaandgo.com\\\/tours-valencia\\\/tour-de-valencia-medieval\\\/#breadcrumb\"},\"inLanguage\":\"it-IT\",\"potentialAction\":[{\"@type\":\"ReadAction\",\"target\":[\"https:\\\/\\\/www.valenciaandgo.com\\\/tours-valencia\\\/tour-de-valencia-medieval\\\/\"]}]},{\"@type\":\"ImageObject\",\"inLanguage\":\"it-IT\",\"@id\":\"https:\\\/\\\/www.valenciaandgo.com\\\/tours-valencia\\\/tour-de-valencia-medieval\\\/#primaryimage\",\"url\":\"https:\\\/\\\/www.valenciaandgo.com\\\/wp-content\\\/uploads\\\/tours-excursiones\\\/16-tour-medieval\\\/tour-medieval_7.webp\",\"contentUrl\":\"https:\\\/\\\/www.valenciaandgo.com\\\/wp-content\\\/uploads\\\/tours-excursiones\\\/16-tour-medieval\\\/tour-medieval_7.webp\",\"width\":920,\"height\":688},{\"@type\":\"BreadcrumbList\",\"@id\":\"https:\\\/\\\/www.valenciaandgo.com\\\/tours-valencia\\\/tour-de-valencia-medieval\\\/#breadcrumb\",\"itemListElement\":[{\"@type\":\"ListItem\",\"position\":1,\"name\":\"Portada\",\"item\":\"https:\\\/\\\/www.valenciaandgo.com\\\/\"},{\"@type\":\"ListItem\",\"position\":2,\"name\":\"Tours\",\"item\":\"https:\\\/\\\/www.valenciaandgo.com\\\/tours\\\/\"},{\"@type\":\"ListItem\",\"position\":3,\"name\":\"Tour de Valencia Medieval\"}]},{\"@type\":\"WebSite\",\"@id\":\"https:\\\/\\\/www.valenciaandgo.com\\\/it\\\/#website\",\"url\":\"https:\\\/\\\/www.valenciaandgo.com\\\/it\\\/\",\"name\":\"Valencia&Go\",\"description\":\"Tours por Valencia y alrededores de ciudad.\",\"publisher\":{\"@id\":\"https:\\\/\\\/www.valenciaandgo.com\\\/it\\\/#organization\"},\"potentialAction\":[{\"@type\":\"SearchAction\",\"target\":{\"@type\":\"EntryPoint\",\"urlTemplate\":\"https:\\\/\\\/www.valenciaandgo.com\\\/it\\\/?s={search_term_string}\"},\"query-input\":{\"@type\":\"PropertyValueSpecification\",\"valueRequired\":true,\"valueName\":\"search_term_string\"}}],\"inLanguage\":\"it-IT\"},{\"@type\":\"Organization\",\"@id\":\"https:\\\/\\\/www.valenciaandgo.com\\\/it\\\/#organization\",\"name\":\"Valencia&Go\",\"url\":\"https:\\\/\\\/www.valenciaandgo.com\\\/it\\\/\",\"logo\":{\"@type\":\"ImageObject\",\"inLanguage\":\"it-IT\",\"@id\":\"https:\\\/\\\/www.valenciaandgo.com\\\/it\\\/#\\\/schema\\\/logo\\\/image\\\/\",\"url\":\"https:\\\/\\\/www.valenciaandgo.com\\\/wp-content\\\/uploads\\\/2025\\\/10\\\/valencia_go-svg-blnc-iso-naranja.svg\",\"contentUrl\":\"https:\\\/\\\/www.valenciaandgo.com\\\/wp-content\\\/uploads\\\/2025\\\/10\\\/valencia_go-svg-blnc-iso-naranja.svg\",\"width\":434,\"height\":102,\"caption\":\"Valencia&Go\"},\"image\":{\"@id\":\"https:\\\/\\\/www.valenciaandgo.com\\\/it\\\/#\\\/schema\\\/logo\\\/image\\\/\"},\"sameAs\":[\"https:\\\/\\\/www.facebook.com\\\/valenciaandgo\\\/\",\"https:\\\/\\\/www.instagram.com\\\/valenciaandgo\",\"https:\\\/\\\/www.linkedin.com\\\/company\\\/valencia-go\\\/\",\"https:\\\/\\\/www.tiktok.com\\\/@valenciaandgo\"]}]}<\/script>\n<!-- \/ Yoast SEO plugin. -->","yoast_head_json":{"title":"Tour medievale a Valencia: storia e monumenti | Valencia &amp; Go","description":"Tour medievale a Valencia: scoprite l'eredit\u00e0 dello storico Regno di Valencia, uno dei regni pi\u00f9 influenti della penisola.","robots":{"index":"index","follow":"follow","max-snippet":"max-snippet:-1","max-image-preview":"max-image-preview:large","max-video-preview":"max-video-preview:-1"},"canonical":"https:\/\/www.valenciaandgo.com\/it\/tour-di-valencia\/tour-della-valencia-medievale\/","og_locale":"it_IT","og_type":"article","og_title":"Tour Medieval en Valencia: historia y monumentos | Valencia & Go","og_description":"Tour medieval en Valencia: Descubre el legado del hist\u00f3rico Reino de Valencia, uno de los reinos m\u00e1s influyentes de la pen\u00ednsula.","og_url":"https:\/\/www.valenciaandgo.com\/it\/tour-di-valencia\/tour-della-valencia-medievale\/","og_site_name":"Valencia&amp;Go","article_publisher":"https:\/\/www.facebook.com\/valenciaandgo\/","article_modified_time":"2026-04-23T07:13:43+00:00","og_image":[{"width":920,"height":688,"url":"https:\/\/www.valenciaandgo.com\/wp-content\/uploads\/tours-excursiones\/16-tour-medieval\/tour-medieval_7.webp","type":"image\/webp"}],"twitter_card":"summary_large_image","twitter_misc":{"Tempo di lettura stimato":"3 minuti"},"schema":{"@context":"https:\/\/schema.org","@graph":[{"@type":"WebPage","@id":"https:\/\/www.valenciaandgo.com\/tours-valencia\/tour-de-valencia-medieval\/","url":"https:\/\/www.valenciaandgo.com\/tours-valencia\/tour-de-valencia-medieval\/","name":"Tour medievale a Valencia: storia e monumenti | Valencia &amp; Go","isPartOf":{"@id":"https:\/\/www.valenciaandgo.com\/it\/#website"},"primaryImageOfPage":{"@id":"https:\/\/www.valenciaandgo.com\/tours-valencia\/tour-de-valencia-medieval\/#primaryimage"},"image":{"@id":"https:\/\/www.valenciaandgo.com\/tours-valencia\/tour-de-valencia-medieval\/#primaryimage"},"thumbnailUrl":"https:\/\/www.valenciaandgo.com\/wp-content\/uploads\/tours-excursiones\/16-tour-medieval\/tour-medieval_7.webp","datePublished":"2026-01-13T09:26:34+00:00","dateModified":"2026-04-23T07:13:43+00:00","description":"Tour medievale a Valencia: scoprite l'eredit\u00e0 dello storico Regno di Valencia, uno dei regni pi\u00f9 influenti della penisola.","breadcrumb":{"@id":"https:\/\/www.valenciaandgo.com\/tours-valencia\/tour-de-valencia-medieval\/#breadcrumb"},"inLanguage":"it-IT","potentialAction":[{"@type":"ReadAction","target":["https:\/\/www.valenciaandgo.com\/tours-valencia\/tour-de-valencia-medieval\/"]}]},{"@type":"ImageObject","inLanguage":"it-IT","@id":"https:\/\/www.valenciaandgo.com\/tours-valencia\/tour-de-valencia-medieval\/#primaryimage","url":"https:\/\/www.valenciaandgo.com\/wp-content\/uploads\/tours-excursiones\/16-tour-medieval\/tour-medieval_7.webp","contentUrl":"https:\/\/www.valenciaandgo.com\/wp-content\/uploads\/tours-excursiones\/16-tour-medieval\/tour-medieval_7.webp","width":920,"height":688},{"@type":"BreadcrumbList","@id":"https:\/\/www.valenciaandgo.com\/tours-valencia\/tour-de-valencia-medieval\/#breadcrumb","itemListElement":[{"@type":"ListItem","position":1,"name":"Portada","item":"https:\/\/www.valenciaandgo.com\/"},{"@type":"ListItem","position":2,"name":"Tours","item":"https:\/\/www.valenciaandgo.com\/tours\/"},{"@type":"ListItem","position":3,"name":"Tour de Valencia Medieval"}]},{"@type":"WebSite","@id":"https:\/\/www.valenciaandgo.com\/it\/#website","url":"https:\/\/www.valenciaandgo.com\/it\/","name":"Valencia&amp;Go","description":"Tour di Valencia e dintorni.","publisher":{"@id":"https:\/\/www.valenciaandgo.com\/it\/#organization"},"potentialAction":[{"@type":"SearchAction","target":{"@type":"EntryPoint","urlTemplate":"https:\/\/www.valenciaandgo.com\/it\/?s={search_term_string}"},"query-input":{"@type":"PropertyValueSpecification","valueRequired":true,"valueName":"search_term_string"}}],"inLanguage":"it-IT"},{"@type":"Organization","@id":"https:\/\/www.valenciaandgo.com\/it\/#organization","name":"Valencia&amp;Go","url":"https:\/\/www.valenciaandgo.com\/it\/","logo":{"@type":"ImageObject","inLanguage":"it-IT","@id":"https:\/\/www.valenciaandgo.com\/it\/#\/schema\/logo\/image\/","url":"https:\/\/www.valenciaandgo.com\/wp-content\/uploads\/2025\/10\/valencia_go-svg-blnc-iso-naranja.svg","contentUrl":"https:\/\/www.valenciaandgo.com\/wp-content\/uploads\/2025\/10\/valencia_go-svg-blnc-iso-naranja.svg","width":434,"height":102,"caption":"Valencia&Go"},"image":{"@id":"https:\/\/www.valenciaandgo.com\/it\/#\/schema\/logo\/image\/"},"sameAs":["https:\/\/www.facebook.com\/valenciaandgo\/","https:\/\/www.instagram.com\/valenciaandgo","https:\/\/www.linkedin.com\/company\/valencia-go\/","https:\/\/www.tiktok.com\/@valenciaandgo"]}]}},"_links":{"self":[{"href":"https:\/\/www.valenciaandgo.com\/it\/wp-json\/wp\/v2\/product\/4330","targetHints":{"allow":["GET"]}}],"collection":[{"href":"https:\/\/www.valenciaandgo.com\/it\/wp-json\/wp\/v2\/product"}],"about":[{"href":"https:\/\/www.valenciaandgo.com\/it\/wp-json\/wp\/v2\/types\/product"}],"version-history":[{"count":6,"href":"https:\/\/www.valenciaandgo.com\/it\/wp-json\/wp\/v2\/product\/4330\/revisions"}],"predecessor-version":[{"id":15072,"href":"https:\/\/www.valenciaandgo.com\/it\/wp-json\/wp\/v2\/product\/4330\/revisions\/15072"}],"wp:featuredmedia":[{"embeddable":true,"href":"https:\/\/www.valenciaandgo.com\/it\/wp-json\/wp\/v2\/media\/5655"}],"wp:attachment":[{"href":"https:\/\/www.valenciaandgo.com\/it\/wp-json\/wp\/v2\/media?parent=4330"}],"wp:term":[{"taxonomy":"product_cat","embeddable":true,"href":"https:\/\/www.valenciaandgo.com\/it\/wp-json\/wp\/v2\/product_cat?post=4330"},{"taxonomy":"product_tag","embeddable":true,"href":"https:\/\/www.valenciaandgo.com\/it\/wp-json\/wp\/v2\/product_tag?post=4330"}],"curies":[{"name":"wp","href":"https:\/\/api.w.org\/{rel}","templated":true}]}}