{"id":4374,"date":"2026-01-13T10:49:25","date_gmt":"2026-01-13T10:49:25","guid":{"rendered":"https:\/\/new.valenciaandgo.com\/?post_type=product&#038;p=4374"},"modified":"2026-04-24T23:10:58","modified_gmt":"2026-04-24T23:10:58","slug":"tour-del-presepe-speciale-di-natale","status":"publish","type":"product","link":"https:\/\/www.valenciaandgo.com\/it\/tours-valencia\/tour-belenes-especial-navidad\/","title":{"rendered":"Tour speciale dei presepi di Natale"},"content":{"rendered":"<div data-elementor-type=\"wp-post\" data-elementor-id=\"4374\" class=\"elementor elementor-4374\" data-elementor-post-type=\"product\">\n\t\t\t\t<div class=\"elementor-element elementor-element-5a91b070 e-flex e-con-boxed e-con e-parent\" data-id=\"5a91b070\" data-element_type=\"container\" data-e-type=\"container\" data-settings=\"{&quot;background_background&quot;:&quot;classic&quot;}\">\n\t\t\t\t\t<div class=\"e-con-inner\">\n\t\t\t\t<div class=\"elementor-element elementor-element-5700ba3 elementor-widget elementor-widget-text-editor\" data-id=\"5700ba3\" data-element_type=\"widget\" data-e-type=\"widget\" data-widget_type=\"text-editor.default\">\n\t\t\t\t\t\t\t\t\t<p><strong>Visita di Valencia a Natale<\/strong> attraverso i presepi pi\u00f9 spettacolari della citt\u00e0<\/p>\t\t\t\t\t\t\t\t<\/div>\n\t\t\t\t<div class=\"elementor-element elementor-element-7c618f19 elementor-widget elementor-widget-heading\" data-id=\"7c618f19\" data-element_type=\"widget\" data-e-type=\"widget\" data-widget_type=\"heading.default\">\n\t\t\t\t\t<h3 class=\"elementor-heading-title elementor-size-default\">Punti salienti<\/h3>\t\t\t\t<\/div>\n\t\t\t\t<div class=\"elementor-element elementor-element-249fc7d4 elementor-align-start elementor-icon-list--layout-traditional elementor-list-item-link-full_width elementor-widget elementor-widget-icon-list\" data-id=\"249fc7d4\" data-element_type=\"widget\" data-e-type=\"widget\" data-widget_type=\"icon-list.default\">\n\t\t\t\t\t\t\t<ul class=\"elementor-icon-list-items\">\n\t\t\t\t\t\t\t<li class=\"elementor-icon-list-item\">\n\t\t\t\t\t\t\t\t\t\t\t<span class=\"elementor-icon-list-icon\">\n\t\t\t\t\t\t\t<svg aria-hidden=\"true\" class=\"e-font-icon-svg e-far-arrow-alt-circle-right\" viewbox=\"0 0 512 512\" xmlns=\"http:\/\/www.w3.org\/2000\/svg\"><path d=\"M504 256C504 119 393 8 256 8S8 119 8 256s111 248 248 248 248-111 248-248zm-448 0c0-110.5 89.5-200 200-200s200 89.5 200 200-89.5 200-200 200S56 366.5 56 256zm72 20v-40c0-6.6 5.4-12 12-12h116v-67c0-10.7 12.9-16 20.5-8.5l99 99c4.7 4.7 4.7 12.3 0 17l-99 99c-7.6 7.6-20.5 2.2-20.5-8.5v-67H140c-6.6 0-12-5.4-12-12z\"><\/path><\/svg>\t\t\t\t\t\t<\/span>\n\t\t\t\t\t\t\t\t\t\t<span class=\"elementor-icon-list-text\"> Scoprite i 3 presepi pi\u00f9 impressionanti della citt\u00e0 pi\u00f9 storica della provincia di Valencia.<\/span>\n\t\t\t\t\t\t\t\t\t<\/li>\n\t\t\t\t\t\t\t\t<li class=\"elementor-icon-list-item\">\n\t\t\t\t\t\t\t\t\t\t\t<span class=\"elementor-icon-list-icon\">\n\t\t\t\t\t\t\t<svg aria-hidden=\"true\" class=\"e-font-icon-svg e-far-arrow-alt-circle-right\" viewbox=\"0 0 512 512\" xmlns=\"http:\/\/www.w3.org\/2000\/svg\"><path d=\"M504 256C504 119 393 8 256 8S8 119 8 256s111 248 248 248 248-111 248-248zm-448 0c0-110.5 89.5-200 200-200s200 89.5 200 200-89.5 200-200 200S56 366.5 56 256zm72 20v-40c0-6.6 5.4-12 12-12h116v-67c0-10.7 12.9-16 20.5-8.5l99 99c4.7 4.7 4.7 12.3 0 17l-99 99c-7.6 7.6-20.5 2.2-20.5-8.5v-67H140c-6.6 0-12-5.4-12-12z\"><\/path><\/svg>\t\t\t\t\t\t<\/span>\n\t\t\t\t\t\t\t\t\t\t<span class=\"elementor-icon-list-text\">Scoprite queste gemme natalizie attraverso la storia e la tradizione locale<\/span>\n\t\t\t\t\t\t\t\t\t<\/li>\n\t\t\t\t\t\t\t\t<li class=\"elementor-icon-list-item\">\n\t\t\t\t\t\t\t\t\t\t\t<span class=\"elementor-icon-list-icon\">\n\t\t\t\t\t\t\t<svg aria-hidden=\"true\" class=\"e-font-icon-svg e-far-arrow-alt-circle-right\" viewbox=\"0 0 512 512\" xmlns=\"http:\/\/www.w3.org\/2000\/svg\"><path d=\"M504 256C504 119 393 8 256 8S8 119 8 256s111 248 248 248 248-111 248-248zm-448 0c0-110.5 89.5-200 200-200s200 89.5 200 200-89.5 200-200 200S56 366.5 56 256zm72 20v-40c0-6.6 5.4-12 12-12h116v-67c0-10.7 12.9-16 20.5-8.5l99 99c4.7 4.7 4.7 12.3 0 17l-99 99c-7.6 7.6-20.5 2.2-20.5-8.5v-67H140c-6.6 0-12-5.4-12-12z\"><\/path><\/svg>\t\t\t\t\t\t<\/span>\n\t\t\t\t\t\t\t\t\t\t<span class=\"elementor-icon-list-text\">Godetevi la citt\u00e0 in uno dei suoi periodi pi\u00f9 magici dell'anno<\/span>\n\t\t\t\t\t\t\t\t\t<\/li>\n\t\t\t\t\t\t<\/ul>\n\t\t\t\t\t\t<\/div>\n\t\t\t\t<div class=\"elementor-element elementor-element-21bcfc8c elementor-widget-divider--view-line elementor-widget elementor-widget-divider\" data-id=\"21bcfc8c\" data-element_type=\"widget\" data-e-type=\"widget\" data-widget_type=\"divider.default\">\n\t\t\t\t\t\t\t<div class=\"elementor-divider\">\n\t\t\t<span class=\"elementor-divider-separator\">\n\t\t\t\t\t\t<\/span>\n\t\t<\/div>\n\t\t\t\t\t\t<\/div>\n\t\t\t\t<div class=\"elementor-element elementor-element-3f2d79b elementor-widget elementor-widget-heading\" data-id=\"3f2d79b\" data-element_type=\"widget\" data-e-type=\"widget\" data-widget_type=\"heading.default\">\n\t\t\t\t\t<h3 class=\"elementor-heading-title elementor-size-default\">Descrizione<\/h3>\t\t\t\t<\/div>\n\t\t\t\t<div class=\"elementor-element elementor-element-346fe1ed elementor-widget elementor-widget-heading\" data-id=\"346fe1ed\" data-element_type=\"widget\" data-e-type=\"widget\" data-widget_type=\"heading.default\">\n\t\t\t\t\t<h4 class=\"elementor-heading-title elementor-size-default\">Tour dei presepi: un viaggio natalizio attraverso Valencia<\/h4>\t\t\t\t<\/div>\n\t\t\t\t<div class=\"elementor-element elementor-element-13c0c6ba elementor-widget elementor-widget-text-editor\" data-id=\"13c0c6ba\" data-element_type=\"widget\" data-e-type=\"widget\" data-widget_type=\"text-editor.default\">\n\t\t\t\t\t\t\t\t\t<p><strong>\u00c8 Natale a Valencia e non c'\u00e8 modo migliore di festeggiarlo che con il nostro esclusivo Tour dei Presepi! <\/strong><\/p><p>Preparatevi a un viaggio indimenticabile che vi condurr\u00e0 a <strong>scoprire i tre presepi pi\u00f9 suggestivi della citt\u00e0,<\/strong> ognuna con un fascino e uno stile unici.\u00a0<\/p><p>Lasciatevi avvolgere dalla <strong>magia dei presepi<\/strong> Le pi\u00f9 spettacolari, che vanno da un maestoso presepe che vi lascer\u00e0 a bocca aperta, a uno intriso di storia e tradizione, a uno di ineguagliabile bellezza, ricco di dettagli che stupiranno grandi e piccini. In ogni tappa, <strong>imparerete le storie e i segreti che rendono questi presepi delle vere e proprie gemme natalizie.<\/strong><\/p><p>Il nostro tour non solo vi condurr\u00e0 attraverso i pi\u00f9 importanti presepi di Valencia, ma vi consentir\u00e0 anche di <strong>godetevi una passeggiata nelle vie pi\u00f9 emblematiche della citt\u00e0,<\/strong> addobbate con luci natalizie e l'atmosfera di festa che riempie ogni angolo. Il <strong>vetrine dei negozi pi\u00f9 importanti<\/strong> Anche i musei di Valencia faranno parte del tour e mostreranno i loro presepi, creati con cura e secondo la tradizione valenciana.<\/p>\t\t\t\t\t\t\t\t<\/div>\n\t\t\t\t<div class=\"elementor-element elementor-element-6b245385 elementor-widget elementor-widget-heading\" data-id=\"6b245385\" data-element_type=\"widget\" data-e-type=\"widget\" data-widget_type=\"heading.default\">\n\t\t\t\t\t<h4 class=\"elementor-heading-title elementor-size-default\">Perch\u00e9 partecipare al nostro tour dei presepi questo Natale?<\/h4>\t\t\t\t<\/div>\n\t\t\t\t<div class=\"elementor-element elementor-element-37c2e39 elementor-widget elementor-widget-text-editor\" data-id=\"37c2e39\" data-element_type=\"widget\" data-e-type=\"widget\" data-widget_type=\"text-editor.default\">\n\t\t\t\t\t\t\t\t\t<ul><li><strong>Scoprirete l'arte<\/strong> e la dedica del <strong>I migliori artigiani di Valencia.<\/strong><\/li><li>Imparerete a conoscere il <strong>simbolismo e tradizioni<\/strong> che circondano ogni figura del presepe.<\/li><li>Sarete accompagnati da un <strong>guida locale esperta<\/strong> che condivideranno con voi aneddoti e curiosit\u00e0.<\/li><li>Vivrete un'esperienza accattivante,<strong> ideale per le famiglie<\/strong> e per tutti <strong>Amanti del Natale.<\/strong><\/li><\/ul><p><strong>Prenotate il vostro posto<\/strong> al Tour de Belenes e vivete il Natale valenciano come mai prima d'ora!<\/p>\t\t\t\t\t\t\t\t<\/div>\n\t\t\t\t<div class=\"elementor-element elementor-element-532845f8 elementor-widget-divider--view-line elementor-widget elementor-widget-divider\" data-id=\"532845f8\" data-element_type=\"widget\" data-e-type=\"widget\" data-widget_type=\"divider.default\">\n\t\t\t\t\t\t\t<div class=\"elementor-divider\">\n\t\t\t<span class=\"elementor-divider-separator\">\n\t\t\t\t\t\t<\/span>\n\t\t<\/div>\n\t\t\t\t\t\t<\/div>\n\t\t\t\t<div class=\"elementor-element elementor-element-d1704 elementor-widget elementor-widget-heading\" data-id=\"d1704\" data-element_type=\"widget\" data-e-type=\"widget\" data-widget_type=\"heading.default\">\n\t\t\t\t\t<h3 class=\"elementor-heading-title elementor-size-default\">Informazioni importanti<\/h3>\t\t\t\t<\/div>\n\t\t\t\t<div class=\"elementor-element elementor-element-2ca33a3f elementor-widget elementor-widget-text-editor\" data-id=\"2ca33a3f\" data-element_type=\"widget\" data-e-type=\"widget\" data-widget_type=\"text-editor.default\">\n\t\t\t\t\t\t\t\t\t<p><strong>Orario:<\/strong><\/p><ul><li>Disponibile il 16, 19, 20, 23, 26, 30 dicembre e il 2 e 3 gennaio 2026<\/li><\/ul><p><strong>Punto di incontro:<\/strong><\/p><ul><li>Porta del Municipio di Valencia, sotto il balcone.<\/li><\/ul><p><strong>Prezzi:<\/strong><\/p><ul><li>Prezzo adulti: 15\u20ac.<\/li><li>Prezzo bambini (5-12 anni): 7\u20ac.<\/li><li>Bambini sotto i 5 anni gratis<\/li><\/ul>\t\t\t\t\t\t\t\t<\/div>\n\t\t\t\t<div class=\"elementor-element elementor-element-e00cb6e elementor-widget elementor-widget-text-editor\" data-id=\"e00cb6e\" data-element_type=\"widget\" data-e-type=\"widget\" data-widget_type=\"text-editor.default\">\n\t\t\t\t\t\t\t\t\t<p>*Si prega di aggiungere tutti i partecipanti al carrello.<\/p>\t\t\t\t\t\t\t\t<\/div>\n\t\t\t\t<div class=\"elementor-element elementor-element-3f928b15 elementor-widget-divider--view-line elementor-widget elementor-widget-divider\" data-id=\"3f928b15\" data-element_type=\"widget\" data-e-type=\"widget\" data-widget_type=\"divider.default\">\n\t\t\t\t\t\t\t<div class=\"elementor-divider\">\n\t\t\t<span class=\"elementor-divider-separator\">\n\t\t\t\t\t\t<\/span>\n\t\t<\/div>\n\t\t\t\t\t\t<\/div>\n\t\t\t\t<div class=\"elementor-element elementor-element-30459a7c elementor-widget elementor-widget-heading\" data-id=\"30459a7c\" data-element_type=\"widget\" data-e-type=\"widget\" data-widget_type=\"heading.default\">\n\t\t\t\t\t<h3 class=\"elementor-heading-title elementor-size-default\">Punto di incontro<\/h3>\t\t\t\t<\/div>\n\t\t\t\t<div class=\"elementor-element elementor-element-619f7518 elementor-widget elementor-widget-text-editor\" data-id=\"619f7518\" data-element_type=\"widget\" data-e-type=\"widget\" data-widget_type=\"text-editor.default\">\n\t\t\t\t\t\t\t\t\t<p><strong>Consiglio comunale di Valencia<\/strong> (sotto il balcone)<\/p>\t\t\t\t\t\t\t\t<\/div>\n\t\t\t\t<div class=\"elementor-element elementor-element-4a26390a elementor-widget-divider--view-line elementor-widget elementor-widget-divider\" data-id=\"4a26390a\" data-element_type=\"widget\" data-e-type=\"widget\" data-widget_type=\"divider.default\">\n\t\t\t\t\t\t\t<div class=\"elementor-divider\">\n\t\t\t<span class=\"elementor-divider-separator\">\n\t\t\t\t\t\t<\/span>\n\t\t<\/div>\n\t\t\t\t\t\t<\/div>\n\t\t\t\t<div class=\"elementor-element elementor-element-ba7594b elementor-widget elementor-widget-heading\" data-id=\"ba7594b\" data-element_type=\"widget\" data-e-type=\"widget\" data-widget_type=\"heading.default\">\n\t\t\t\t\t<h3 class=\"elementor-heading-title elementor-size-default\">Domande frequenti<\/h3>\t\t\t\t<\/div>\n\t\t\t\t\t<\/div>\n\t\t\t\t<\/div>\n\t\t<div class=\"elementor-element elementor-element-199054c e-flex e-con-boxed e-con e-parent\" data-id=\"199054c\" data-element_type=\"container\" data-e-type=\"container\" data-settings=\"{&quot;background_background&quot;:&quot;classic&quot;}\">\n\t\t\t\t\t<div class=\"e-con-inner\">\n\t\t\t\t<div class=\"elementor-element elementor-element-78cb3a8 elementor-widget elementor-widget-n-accordion\" data-id=\"78cb3a8\" data-element_type=\"widget\" data-e-type=\"widget\" data-settings=\"{&quot;default_state&quot;:&quot;all_collapsed&quot;,&quot;max_items_expended&quot;:&quot;one&quot;,&quot;n_accordion_animation_duration&quot;:{&quot;unit&quot;:&quot;ms&quot;,&quot;size&quot;:400,&quot;sizes&quot;:[]}}\" data-widget_type=\"nested-accordion.default\">\n\t\t\t\t\t\t\t<div class=\"e-n-accordion\" aria-label=\"Fisarmonica. Aprite i collegamenti con Invio o Spazio, chiudeteli con Escape e navigate con i tasti freccia.\">\n\t\t\t\t\t\t<details id=\"e-n-accordion-item-1260\" class=\"e-n-accordion-item\" >\n\t\t\t\t<summary class=\"e-n-accordion-item-title\" data-accordion-index=\"1\" tabindex=\"0\" aria-expanded=\"false\" aria-controls=\"e-n-accordion-item-1260\" >\n\t\t\t\t\t<span class='e-n-accordion-item-title-header'><div class=\"e-n-accordion-item-title-text\"> Come si riconosce la guida? <\/div><\/span>\n\t\t\t\t\t\t\t<span class='e-n-accordion-item-title-icon'>\n\t\t\t<span class='e-opened' ><svg aria-hidden=\"true\" class=\"e-font-icon-svg e-fas-minus\" viewbox=\"0 0 448 512\" xmlns=\"http:\/\/www.w3.org\/2000\/svg\"><path d=\"M416 208H32c-17.67 0-32 14.33-32 32v32c0 17.67 14.33 32 32 32h384c17.67 0 32-14.33 32-32v-32c0-17.67-14.33-32-32-32z\"><\/path><\/svg><\/span>\n\t\t\t<span class='e-closed'><svg aria-hidden=\"true\" class=\"e-font-icon-svg e-fas-plus\" viewbox=\"0 0 448 512\" xmlns=\"http:\/\/www.w3.org\/2000\/svg\"><path d=\"M416 208H272V64c0-17.67-14.33-32-32-32h-32c-17.67 0-32 14.33-32 32v144H32c-17.67 0-32 14.33-32 32v32c0 17.67 14.33 32 32 32h144v144c0 17.67 14.33 32 32 32h32c17.67 0 32-14.33 32-32V304h144c17.67 0 32-14.33 32-32v-32c0-17.67-14.33-32-32-32z\"><\/path><\/svg><\/span>\n\t\t<\/span>\n\n\t\t\t\t\t\t<\/summary>\n\t\t\t\t<div role=\"region\" aria-labelledby=\"e-n-accordion-item-1260\" class=\"elementor-element elementor-element-fb1f1e2 e-con-full e-flex e-con e-child\" data-id=\"fb1f1e2\" data-element_type=\"container\" data-e-type=\"container\">\n\t\t<div role=\"region\" aria-labelledby=\"e-n-accordion-item-1260\" class=\"elementor-element elementor-element-19a52ac e-flex e-con-boxed e-con e-child\" data-id=\"19a52ac\" data-element_type=\"container\" data-e-type=\"container\">\n\t\t\t\t\t<div class=\"e-con-inner\">\n\t\t\t\t<div class=\"elementor-element elementor-element-0eab0da elementor-widget elementor-widget-text-editor\" data-id=\"0eab0da\" data-element_type=\"widget\" data-e-type=\"widget\" data-widget_type=\"text-editor.default\">\n\t\t\t\t\t\t\t\t\t<p><span style=\"font-weight: 400;\">Potrete trovare la guida al punto d'incontro con l'accredito ufficiale di guida. Potete chiedere di Valencia&amp;Go e, nel caso in cui non riusciate a trovarlo, potete contattarci direttamente via whatsapp per darvi indicazioni precise.<\/span><\/p>\t\t\t\t\t\t\t\t<\/div>\n\t\t\t\t\t<\/div>\n\t\t\t\t<\/div>\n\t\t\t\t<\/div>\n\t\t\t\t\t<\/details>\n\t\t\t\t\t\t<details id=\"e-n-accordion-item-1261\" class=\"e-n-accordion-item\" >\n\t\t\t\t<summary class=\"e-n-accordion-item-title\" data-accordion-index=\"2\" tabindex=\"-1\" aria-expanded=\"false\" aria-controls=\"e-n-accordion-item-1261\" >\n\t\t\t\t\t<span class='e-n-accordion-item-title-header'><div class=\"e-n-accordion-item-title-text\"> Cosa ho prenotato? <\/div><\/span>\n\t\t\t\t\t\t\t<span class='e-n-accordion-item-title-icon'>\n\t\t\t<span class='e-opened' ><svg aria-hidden=\"true\" class=\"e-font-icon-svg e-fas-minus\" viewbox=\"0 0 448 512\" xmlns=\"http:\/\/www.w3.org\/2000\/svg\"><path d=\"M416 208H32c-17.67 0-32 14.33-32 32v32c0 17.67 14.33 32 32 32h384c17.67 0 32-14.33 32-32v-32c0-17.67-14.33-32-32-32z\"><\/path><\/svg><\/span>\n\t\t\t<span class='e-closed'><svg aria-hidden=\"true\" class=\"e-font-icon-svg e-fas-plus\" viewbox=\"0 0 448 512\" xmlns=\"http:\/\/www.w3.org\/2000\/svg\"><path d=\"M416 208H272V64c0-17.67-14.33-32-32-32h-32c-17.67 0-32 14.33-32 32v144H32c-17.67 0-32 14.33-32 32v32c0 17.67 14.33 32 32 32h144v144c0 17.67 14.33 32 32 32h32c17.67 0 32-14.33 32-32V304h144c17.67 0 32-14.33 32-32v-32c0-17.67-14.33-32-32-32z\"><\/path><\/svg><\/span>\n\t\t<\/span>\n\n\t\t\t\t\t\t<\/summary>\n\t\t\t\t<div role=\"region\" aria-labelledby=\"e-n-accordion-item-1261\" class=\"elementor-element elementor-element-c6d0282 e-con-full e-flex e-con e-child\" data-id=\"c6d0282\" data-element_type=\"container\" data-e-type=\"container\">\n\t\t\t\t<div class=\"elementor-element elementor-element-4fcf0bc elementor-widget elementor-widget-text-editor\" data-id=\"4fcf0bc\" data-element_type=\"widget\" data-e-type=\"widget\" data-widget_type=\"text-editor.default\">\n\t\t\t\t\t\t\t\t\t<p>Avete prenotato una visita guidata a piedi con una guida ufficiale locale per scoprire i presepi pi\u00f9 emblematici di Valencia durante il periodo natalizio.<br \/>Il tour include una spiegazione storica e culturale di ogni presepe visitato.<\/p>\t\t\t\t\t\t\t\t<\/div>\n\t\t\t\t<\/div>\n\t\t\t\t\t<\/details>\n\t\t\t\t\t\t<details id=\"e-n-accordion-item-1262\" class=\"e-n-accordion-item\" >\n\t\t\t\t<summary class=\"e-n-accordion-item-title\" data-accordion-index=\"3\" tabindex=\"-1\" aria-expanded=\"false\" aria-controls=\"e-n-accordion-item-1262\" >\n\t\t\t\t\t<span class='e-n-accordion-item-title-header'><div class=\"e-n-accordion-item-title-text\"> Politica di cancellazione <\/div><\/span>\n\t\t\t\t\t\t\t<span class='e-n-accordion-item-title-icon'>\n\t\t\t<span class='e-opened' ><svg aria-hidden=\"true\" class=\"e-font-icon-svg e-fas-minus\" viewbox=\"0 0 448 512\" xmlns=\"http:\/\/www.w3.org\/2000\/svg\"><path d=\"M416 208H32c-17.67 0-32 14.33-32 32v32c0 17.67 14.33 32 32 32h384c17.67 0 32-14.33 32-32v-32c0-17.67-14.33-32-32-32z\"><\/path><\/svg><\/span>\n\t\t\t<span class='e-closed'><svg aria-hidden=\"true\" class=\"e-font-icon-svg e-fas-plus\" viewbox=\"0 0 448 512\" xmlns=\"http:\/\/www.w3.org\/2000\/svg\"><path d=\"M416 208H272V64c0-17.67-14.33-32-32-32h-32c-17.67 0-32 14.33-32 32v144H32c-17.67 0-32 14.33-32 32v32c0 17.67 14.33 32 32 32h144v144c0 17.67 14.33 32 32 32h32c17.67 0 32-14.33 32-32V304h144c17.67 0 32-14.33 32-32v-32c0-17.67-14.33-32-32-32z\"><\/path><\/svg><\/span>\n\t\t<\/span>\n\n\t\t\t\t\t\t<\/summary>\n\t\t\t\t<div role=\"region\" aria-labelledby=\"e-n-accordion-item-1262\" class=\"elementor-element elementor-element-84ca4e0 e-con-full e-flex e-con e-child\" data-id=\"84ca4e0\" data-element_type=\"container\" data-e-type=\"container\">\n\t\t\t\t<div class=\"elementor-element elementor-element-e9315b5 elementor-widget elementor-widget-text-editor\" data-id=\"e9315b5\" data-element_type=\"widget\" data-e-type=\"widget\" data-widget_type=\"text-editor.default\">\n\t\t\t\t\t\t\t\t\t<p><span style=\"font-weight: 400;\">\u00c8 possibile annullare gratuitamente entro il termine indicato nella scheda prodotto. Dopo la scadenza o in caso di mancata presentazione, non verr\u00e0 effettuato alcun rimborso.<\/span><\/p>\t\t\t\t\t\t\t\t<\/div>\n\t\t\t\t<\/div>\n\t\t\t\t\t<\/details>\n\t\t\t\t\t<\/div>\n\t\t\t\t\t\t<\/div>\n\t\t\t\t\t<\/div>\n\t\t\t\t<\/div>\n\t\t\t\t<\/div>","protected":false},"excerpt":{"rendered":"<p>Visita di Valencia a Natale attraverso i presepi pi\u00f9 spettacolari della citt\u00e0<\/p>","protected":false},"featured_media":5684,"template":"","meta":{"_acf_changed":false},"product_cat":[15],"product_tag":[],"class_list":{"0":"post-4374","1":"product","2":"type-product","3":"status-publish","4":"has-post-thumbnail","6":"product_cat-tours-valencia","8":"first","9":"instock","10":"virtual","11":"sold-individually","12":"taxable","13":"purchasable","14":"product-type-turitop"},"acf":[],"yoast_head":"<!-- This site is optimized with the Yoast SEO plugin v27.5 - https:\/\/yoast.com\/product\/yoast-seo-wordpress\/ -->\n<title>Tour Belenes Especial Navidad | Valencia&amp;Go<\/title>\n<meta name=\"description\" content=\"\u00bfNavidad y en Valencia? Descubre con nosotros los belenes m\u00e1s impresionantes de la ciudad. Un tour para toda la familia en Valencia.\" \/>\n<meta name=\"robots\" content=\"index, follow, max-snippet:-1, max-image-preview:large, max-video-preview:-1\" \/>\n<link rel=\"canonical\" href=\"https:\/\/www.valenciaandgo.com\/it\/tour-di-valencia\/tour-del-presepe-speciale-di-natale\/\" \/>\n<meta property=\"og:locale\" content=\"it_IT\" \/>\n<meta property=\"og:type\" content=\"article\" \/>\n<meta property=\"og:title\" content=\"Tour Belenes Especial Navidad | Valencia&amp;Go\" \/>\n<meta property=\"og:description\" content=\"\u00bfNavidad y en Valencia? Descubre con nosotros los belenes m\u00e1s impresionantes de la ciudad. Un tour para toda la familia en Valencia.\" \/>\n<meta property=\"og:url\" content=\"https:\/\/www.valenciaandgo.com\/it\/tour-di-valencia\/tour-del-presepe-speciale-di-natale\/\" \/>\n<meta property=\"og:site_name\" content=\"Valencia&amp;Go\" \/>\n<meta property=\"article:publisher\" content=\"https:\/\/www.facebook.com\/valenciaandgo\/\" \/>\n<meta property=\"article:modified_time\" content=\"2026-04-24T23:10:58+00:00\" \/>\n<meta property=\"og:image\" content=\"https:\/\/www.valenciaandgo.com\/wp-content\/uploads\/tours-excursiones\/20-tour-belenes\/tour-belenes_4.webp\" \/>\n\t<meta property=\"og:image:width\" content=\"920\" \/>\n\t<meta property=\"og:image:height\" content=\"688\" \/>\n\t<meta property=\"og:image:type\" content=\"image\/webp\" \/>\n<meta name=\"twitter:card\" content=\"summary_large_image\" \/>\n<meta name=\"twitter:label1\" content=\"Tempo di lettura stimato\" \/>\n\t<meta name=\"twitter:data1\" content=\"3 minuti\" \/>\n<script type=\"application\/ld+json\" class=\"yoast-schema-graph\">{\"@context\":\"https:\\\/\\\/schema.org\",\"@graph\":[{\"@type\":\"WebPage\",\"@id\":\"https:\\\/\\\/www.valenciaandgo.com\\\/tours-valencia\\\/tour-belenes-especial-navidad\\\/\",\"url\":\"https:\\\/\\\/www.valenciaandgo.com\\\/tours-valencia\\\/tour-belenes-especial-navidad\\\/\",\"name\":\"Tour Belenes Especial Navidad | Valencia&Go\",\"isPartOf\":{\"@id\":\"https:\\\/\\\/www.valenciaandgo.com\\\/it\\\/#website\"},\"primaryImageOfPage\":{\"@id\":\"https:\\\/\\\/www.valenciaandgo.com\\\/tours-valencia\\\/tour-belenes-especial-navidad\\\/#primaryimage\"},\"image\":{\"@id\":\"https:\\\/\\\/www.valenciaandgo.com\\\/tours-valencia\\\/tour-belenes-especial-navidad\\\/#primaryimage\"},\"thumbnailUrl\":\"https:\\\/\\\/www.valenciaandgo.com\\\/wp-content\\\/uploads\\\/tours-excursiones\\\/20-tour-belenes\\\/tour-belenes_4.webp\",\"datePublished\":\"2026-01-13T10:49:25+00:00\",\"dateModified\":\"2026-04-24T23:10:58+00:00\",\"description\":\"\u00bfNavidad y en Valencia? Descubre con nosotros los belenes m\u00e1s impresionantes de la ciudad. Un tour para toda la familia en Valencia.\",\"breadcrumb\":{\"@id\":\"https:\\\/\\\/www.valenciaandgo.com\\\/tours-valencia\\\/tour-belenes-especial-navidad\\\/#breadcrumb\"},\"inLanguage\":\"it-IT\",\"potentialAction\":[{\"@type\":\"ReadAction\",\"target\":[\"https:\\\/\\\/www.valenciaandgo.com\\\/tours-valencia\\\/tour-belenes-especial-navidad\\\/\"]}]},{\"@type\":\"ImageObject\",\"inLanguage\":\"it-IT\",\"@id\":\"https:\\\/\\\/www.valenciaandgo.com\\\/tours-valencia\\\/tour-belenes-especial-navidad\\\/#primaryimage\",\"url\":\"https:\\\/\\\/www.valenciaandgo.com\\\/wp-content\\\/uploads\\\/tours-excursiones\\\/20-tour-belenes\\\/tour-belenes_4.webp\",\"contentUrl\":\"https:\\\/\\\/www.valenciaandgo.com\\\/wp-content\\\/uploads\\\/tours-excursiones\\\/20-tour-belenes\\\/tour-belenes_4.webp\",\"width\":920,\"height\":688,\"caption\":\"Belenes destacados de Valencia\"},{\"@type\":\"BreadcrumbList\",\"@id\":\"https:\\\/\\\/www.valenciaandgo.com\\\/tours-valencia\\\/tour-belenes-especial-navidad\\\/#breadcrumb\",\"itemListElement\":[{\"@type\":\"ListItem\",\"position\":1,\"name\":\"Portada\",\"item\":\"https:\\\/\\\/www.valenciaandgo.com\\\/\"},{\"@type\":\"ListItem\",\"position\":2,\"name\":\"Tours\",\"item\":\"https:\\\/\\\/www.valenciaandgo.com\\\/tours\\\/\"},{\"@type\":\"ListItem\",\"position\":3,\"name\":\"Tour Belenes especial Navidad\"}]},{\"@type\":\"WebSite\",\"@id\":\"https:\\\/\\\/www.valenciaandgo.com\\\/it\\\/#website\",\"url\":\"https:\\\/\\\/www.valenciaandgo.com\\\/it\\\/\",\"name\":\"Valencia&Go\",\"description\":\"Tours por Valencia y alrededores de ciudad.\",\"publisher\":{\"@id\":\"https:\\\/\\\/www.valenciaandgo.com\\\/it\\\/#organization\"},\"potentialAction\":[{\"@type\":\"SearchAction\",\"target\":{\"@type\":\"EntryPoint\",\"urlTemplate\":\"https:\\\/\\\/www.valenciaandgo.com\\\/it\\\/?s={search_term_string}\"},\"query-input\":{\"@type\":\"PropertyValueSpecification\",\"valueRequired\":true,\"valueName\":\"search_term_string\"}}],\"inLanguage\":\"it-IT\"},{\"@type\":\"Organization\",\"@id\":\"https:\\\/\\\/www.valenciaandgo.com\\\/it\\\/#organization\",\"name\":\"Valencia&Go\",\"url\":\"https:\\\/\\\/www.valenciaandgo.com\\\/it\\\/\",\"logo\":{\"@type\":\"ImageObject\",\"inLanguage\":\"it-IT\",\"@id\":\"https:\\\/\\\/www.valenciaandgo.com\\\/it\\\/#\\\/schema\\\/logo\\\/image\\\/\",\"url\":\"https:\\\/\\\/www.valenciaandgo.com\\\/wp-content\\\/uploads\\\/2025\\\/10\\\/valencia_go-svg-blnc-iso-naranja.svg\",\"contentUrl\":\"https:\\\/\\\/www.valenciaandgo.com\\\/wp-content\\\/uploads\\\/2025\\\/10\\\/valencia_go-svg-blnc-iso-naranja.svg\",\"width\":434,\"height\":102,\"caption\":\"Valencia&Go\"},\"image\":{\"@id\":\"https:\\\/\\\/www.valenciaandgo.com\\\/it\\\/#\\\/schema\\\/logo\\\/image\\\/\"},\"sameAs\":[\"https:\\\/\\\/www.facebook.com\\\/valenciaandgo\\\/\",\"https:\\\/\\\/www.instagram.com\\\/valenciaandgo\",\"https:\\\/\\\/www.linkedin.com\\\/company\\\/valencia-go\\\/\",\"https:\\\/\\\/www.tiktok.com\\\/@valenciaandgo\"]}]}<\/script>\n<!-- \/ Yoast SEO plugin. -->","yoast_head_json":{"title":"Tour speciale dei presepi di Natale - Valencia&amp;Go","description":"Natale e Valencia? Scoprite con noi i presepi pi\u00f9 suggestivi della citt\u00e0. Un tour per tutta la famiglia a Valencia.","robots":{"index":"index","follow":"follow","max-snippet":"max-snippet:-1","max-image-preview":"max-image-preview:large","max-video-preview":"max-video-preview:-1"},"canonical":"https:\/\/www.valenciaandgo.com\/it\/tour-di-valencia\/tour-del-presepe-speciale-di-natale\/","og_locale":"it_IT","og_type":"article","og_title":"Tour Belenes Especial Navidad | Valencia&Go","og_description":"\u00bfNavidad y en Valencia? Descubre con nosotros los belenes m\u00e1s impresionantes de la ciudad. Un tour para toda la familia en Valencia.","og_url":"https:\/\/www.valenciaandgo.com\/it\/tour-di-valencia\/tour-del-presepe-speciale-di-natale\/","og_site_name":"Valencia&amp;Go","article_publisher":"https:\/\/www.facebook.com\/valenciaandgo\/","article_modified_time":"2026-04-24T23:10:58+00:00","og_image":[{"width":920,"height":688,"url":"https:\/\/www.valenciaandgo.com\/wp-content\/uploads\/tours-excursiones\/20-tour-belenes\/tour-belenes_4.webp","type":"image\/webp"}],"twitter_card":"summary_large_image","twitter_misc":{"Tempo di lettura stimato":"3 minuti"},"schema":{"@context":"https:\/\/schema.org","@graph":[{"@type":"WebPage","@id":"https:\/\/www.valenciaandgo.com\/tours-valencia\/tour-belenes-especial-navidad\/","url":"https:\/\/www.valenciaandgo.com\/tours-valencia\/tour-belenes-especial-navidad\/","name":"Tour speciale dei presepi di Natale - Valencia&amp;Go","isPartOf":{"@id":"https:\/\/www.valenciaandgo.com\/it\/#website"},"primaryImageOfPage":{"@id":"https:\/\/www.valenciaandgo.com\/tours-valencia\/tour-belenes-especial-navidad\/#primaryimage"},"image":{"@id":"https:\/\/www.valenciaandgo.com\/tours-valencia\/tour-belenes-especial-navidad\/#primaryimage"},"thumbnailUrl":"https:\/\/www.valenciaandgo.com\/wp-content\/uploads\/tours-excursiones\/20-tour-belenes\/tour-belenes_4.webp","datePublished":"2026-01-13T10:49:25+00:00","dateModified":"2026-04-24T23:10:58+00:00","description":"Natale e Valencia? Scoprite con noi i presepi pi\u00f9 suggestivi della citt\u00e0. Un tour per tutta la famiglia a Valencia.","breadcrumb":{"@id":"https:\/\/www.valenciaandgo.com\/tours-valencia\/tour-belenes-especial-navidad\/#breadcrumb"},"inLanguage":"it-IT","potentialAction":[{"@type":"ReadAction","target":["https:\/\/www.valenciaandgo.com\/tours-valencia\/tour-belenes-especial-navidad\/"]}]},{"@type":"ImageObject","inLanguage":"it-IT","@id":"https:\/\/www.valenciaandgo.com\/tours-valencia\/tour-belenes-especial-navidad\/#primaryimage","url":"https:\/\/www.valenciaandgo.com\/wp-content\/uploads\/tours-excursiones\/20-tour-belenes\/tour-belenes_4.webp","contentUrl":"https:\/\/www.valenciaandgo.com\/wp-content\/uploads\/tours-excursiones\/20-tour-belenes\/tour-belenes_4.webp","width":920,"height":688,"caption":"Belenes destacados de Valencia"},{"@type":"BreadcrumbList","@id":"https:\/\/www.valenciaandgo.com\/tours-valencia\/tour-belenes-especial-navidad\/#breadcrumb","itemListElement":[{"@type":"ListItem","position":1,"name":"Portada","item":"https:\/\/www.valenciaandgo.com\/"},{"@type":"ListItem","position":2,"name":"Tours","item":"https:\/\/www.valenciaandgo.com\/tours\/"},{"@type":"ListItem","position":3,"name":"Tour Belenes especial Navidad"}]},{"@type":"WebSite","@id":"https:\/\/www.valenciaandgo.com\/it\/#website","url":"https:\/\/www.valenciaandgo.com\/it\/","name":"Valencia&amp;Go","description":"Tour di Valencia e dintorni.","publisher":{"@id":"https:\/\/www.valenciaandgo.com\/it\/#organization"},"potentialAction":[{"@type":"SearchAction","target":{"@type":"EntryPoint","urlTemplate":"https:\/\/www.valenciaandgo.com\/it\/?s={search_term_string}"},"query-input":{"@type":"PropertyValueSpecification","valueRequired":true,"valueName":"search_term_string"}}],"inLanguage":"it-IT"},{"@type":"Organization","@id":"https:\/\/www.valenciaandgo.com\/it\/#organization","name":"Valencia&amp;Go","url":"https:\/\/www.valenciaandgo.com\/it\/","logo":{"@type":"ImageObject","inLanguage":"it-IT","@id":"https:\/\/www.valenciaandgo.com\/it\/#\/schema\/logo\/image\/","url":"https:\/\/www.valenciaandgo.com\/wp-content\/uploads\/2025\/10\/valencia_go-svg-blnc-iso-naranja.svg","contentUrl":"https:\/\/www.valenciaandgo.com\/wp-content\/uploads\/2025\/10\/valencia_go-svg-blnc-iso-naranja.svg","width":434,"height":102,"caption":"Valencia&Go"},"image":{"@id":"https:\/\/www.valenciaandgo.com\/it\/#\/schema\/logo\/image\/"},"sameAs":["https:\/\/www.facebook.com\/valenciaandgo\/","https:\/\/www.instagram.com\/valenciaandgo","https:\/\/www.linkedin.com\/company\/valencia-go\/","https:\/\/www.tiktok.com\/@valenciaandgo"]}]}},"_links":{"self":[{"href":"https:\/\/www.valenciaandgo.com\/it\/wp-json\/wp\/v2\/product\/4374","targetHints":{"allow":["GET"]}}],"collection":[{"href":"https:\/\/www.valenciaandgo.com\/it\/wp-json\/wp\/v2\/product"}],"about":[{"href":"https:\/\/www.valenciaandgo.com\/it\/wp-json\/wp\/v2\/types\/product"}],"version-history":[{"count":0,"href":"https:\/\/www.valenciaandgo.com\/it\/wp-json\/wp\/v2\/product\/4374\/revisions"}],"wp:featuredmedia":[{"embeddable":true,"href":"https:\/\/www.valenciaandgo.com\/it\/wp-json\/wp\/v2\/media\/5684"}],"wp:attachment":[{"href":"https:\/\/www.valenciaandgo.com\/it\/wp-json\/wp\/v2\/media?parent=4374"}],"wp:term":[{"taxonomy":"product_cat","embeddable":true,"href":"https:\/\/www.valenciaandgo.com\/it\/wp-json\/wp\/v2\/product_cat?post=4374"},{"taxonomy":"product_tag","embeddable":true,"href":"https:\/\/www.valenciaandgo.com\/it\/wp-json\/wp\/v2\/product_tag?post=4374"}],"curies":[{"name":"wp","href":"https:\/\/api.w.org\/{rel}","templated":true}]}}